{"id":25165,"date":"2022-08-09T17:24:19","date_gmt":"2022-08-09T20:24:19","guid":{"rendered":"https:\/\/medicina.utalca.cl\/?page_id=25165"},"modified":"2026-03-11T08:07:54","modified_gmt":"2026-03-11T11:07:54","slug":"academicos","status":"publish","type":"page","link":"https:\/\/medicina.utalca.cl\/?page_id=25165","title":{"rendered":"Acad\u00e9micos"},"content":{"rendered":"\t\t<div data-elementor-type=\"wp-page\" data-elementor-id=\"25165\" class=\"elementor elementor-25165\" data-elementor-post-type=\"page\">\n\t\t\t\t\t\t<section class=\"elementor-section elementor-top-section elementor-element elementor-element-737d8c2d elementor-section-boxed elementor-section-height-default elementor-section-height-default\" data-id=\"737d8c2d\" data-element_type=\"section\">\n\t\t\t\t\t\t<div class=\"elementor-container elementor-column-gap-default\">\n\t\t\t\t\t<div class=\"elementor-column elementor-col-100 elementor-top-column elementor-element elementor-element-b40505c\" data-id=\"b40505c\" data-element_type=\"column\">\n\t\t\t<div class=\"elementor-widget-wrap elementor-element-populated\">\n\t\t\t\t\t\t<div class=\"elementor-element elementor-element-f53e08e elementor-widget elementor-widget-heading\" data-id=\"f53e08e\" data-element_type=\"widget\" data-widget_type=\"heading.default\">\n\t\t\t\t<div class=\"elementor-widget-container\">\n\t\t\t\t\t<h2 class=\"elementor-heading-title elementor-size-default\">Acad\u00e9micos<\/h2>\t\t\t\t<\/div>\n\t\t\t\t<\/div>\n\t\t\t\t<div class=\"elementor-element elementor-element-d18bb83 elementor-widget elementor-widget-spacer\" data-id=\"d18bb83\" data-element_type=\"widget\" data-widget_type=\"spacer.default\">\n\t\t\t\t<div class=\"elementor-widget-container\">\n\t\t\t\t\t\t\t<div class=\"elementor-spacer\">\n\t\t\t<div class=\"elementor-spacer-inner\"><\/div>\n\t\t<\/div>\n\t\t\t\t\t\t<\/div>\n\t\t\t\t<\/div>\n\t\t\t\t<div class=\"elementor-element elementor-element-f82ddb4 elementor-widget elementor-widget-accordion\" data-id=\"f82ddb4\" data-element_type=\"widget\" data-widget_type=\"accordion.default\">\n\t\t\t\t<div class=\"elementor-widget-container\">\n\t\t\t\t\t\t\t<div class=\"elementor-accordion\">\n\t\t\t\t\t\t\t<div class=\"elementor-accordion-item\">\n\t\t\t\t\t<div id=\"elementor-tab-title-2601\" class=\"elementor-tab-title\" data-tab=\"1\" role=\"button\" aria-controls=\"elementor-tab-content-2601\" aria-expanded=\"false\">\n\t\t\t\t\t\t\t\t\t\t\t\t\t<span class=\"elementor-accordion-icon elementor-accordion-icon-right\" aria-hidden=\"true\">\n\t\t\t\t\t\t\t\t\t\t\t\t\t\t\t<span class=\"elementor-accordion-icon-closed\"><i class=\"fas fa-caret-down\"><\/i><\/span>\n\t\t\t\t\t\t\t\t<span class=\"elementor-accordion-icon-opened\"><i class=\"fas fa-caret-up\"><\/i><\/span>\n\t\t\t\t\t\t\t\t\t\t\t\t\t\t<\/span>\n\t\t\t\t\t\t\t\t\t\t\t\t<a class=\"elementor-accordion-title\" tabindex=\"0\">Cristian Vilos Ortiz<\/a>\n\t\t\t\t\t<\/div>\n\t\t\t\t\t<div id=\"elementor-tab-content-2601\" class=\"elementor-tab-content elementor-clearfix\" data-tab=\"1\" role=\"region\" aria-labelledby=\"elementor-tab-title-2601\"><div style=\"padding: 10px; float: left; max-width: 45%; text-align: justify; font-size: 20px;\"><img fetchpriority=\"high\" decoding=\"async\" src=\"https:\/\/medicina.utalca.cl\/wp-content\/uploads\/2022\/08\/CRISTIAN_VILOS-289x300.jpg\" alt=\"\" width=\"289\" height=\"300\" \/><\/div><div style=\"padding: 10px; float: left; max-width: 45%;\"><p><strong>Cristian Vilos Ortiz<\/strong><\/p><p>Decano Facultad de Medicina<\/p><p>Tecn\u00f3logo M\u00e9dico<br \/>Diplomado en Estrategia y Control de Gesti\u00f3n<br \/>Diplomado en Educaci\u00f3n Basada en Competencias<br \/>Doctor en Biotecnolog\u00eda<br \/>Postdoctorado en Nanomedicina y Liberaci\u00f3n de F\u00e1rmacos<\/p><p><strong>Email:<\/strong><br \/>cristian.vilos@utalca.cl<\/p><p><strong>Sitio web:<\/strong><\/p><p><a href=\"http:\/\/www.viloslab.com\">http:\/\/www.viloslab.com<\/a><\/p><p><strong>Cursos:<\/strong><\/p><p>Laboratorio Cl\u00ednico<br \/>Farmacolog\u00eda Cl\u00ednica<br \/>Metodolog\u00eda de la Investigaci\u00f3n (Postgrado)<br \/>Nanomedicina (Electivo)<\/p><p><strong>Publicaciones:<\/strong><\/p><p><a href=\"https:\/\/medicina.utalca.cl\/?page_id=25633\" target=\"_blank\" rel=\"noopener\">VER<\/a><\/p><\/div><\/div>\n\t\t\t\t<\/div>\n\t\t\t\t\t\t\t<div class=\"elementor-accordion-item\">\n\t\t\t\t\t<div id=\"elementor-tab-title-2602\" class=\"elementor-tab-title\" data-tab=\"2\" role=\"button\" aria-controls=\"elementor-tab-content-2602\" aria-expanded=\"false\">\n\t\t\t\t\t\t\t\t\t\t\t\t\t<span class=\"elementor-accordion-icon elementor-accordion-icon-right\" aria-hidden=\"true\">\n\t\t\t\t\t\t\t\t\t\t\t\t\t\t\t<span class=\"elementor-accordion-icon-closed\"><i class=\"fas fa-caret-down\"><\/i><\/span>\n\t\t\t\t\t\t\t\t<span class=\"elementor-accordion-icon-opened\"><i class=\"fas fa-caret-up\"><\/i><\/span>\n\t\t\t\t\t\t\t\t\t\t\t\t\t\t<\/span>\n\t\t\t\t\t\t\t\t\t\t\t\t<a class=\"elementor-accordion-title\" tabindex=\"0\">Jenaro Garc\u00eda-Huidobro Prieto<\/a>\n\t\t\t\t\t<\/div>\n\t\t\t\t\t<div id=\"elementor-tab-content-2602\" class=\"elementor-tab-content elementor-clearfix\" data-tab=\"2\" role=\"region\" aria-labelledby=\"elementor-tab-title-2602\"><div style=\"padding: 10px; float: left; max-width: 45%; text-align: justify; font-size: 20px;\"><img decoding=\"async\" class=\"alignnone size-medium wp-image-25258\" src=\"https:\/\/medicina.utalca.cl\/wp-content\/uploads\/2022\/08\/JENARO-249x300.jpg\" alt=\"\" width=\"249\" height=\"300\" srcset=\"https:\/\/medicina.utalca.cl\/wp-content\/uploads\/2022\/08\/JENARO-249x300.jpg 249w, https:\/\/medicina.utalca.cl\/wp-content\/uploads\/2022\/08\/JENARO-851x1024.jpg 851w, https:\/\/medicina.utalca.cl\/wp-content\/uploads\/2022\/08\/JENARO-768x924.jpg 768w, https:\/\/medicina.utalca.cl\/wp-content\/uploads\/2022\/08\/JENARO-1276x1536.jpg 1276w, https:\/\/medicina.utalca.cl\/wp-content\/uploads\/2022\/08\/JENARO-1701x2048.jpg 1701w\" sizes=\"(max-width: 249px) 100vw, 249px\" \/><\/div><div style=\"padding: 10px; float: left; max-width: 45%;\"><p><strong>Jenaro Garc\u00eda-Huidobro Prieto<\/strong><\/p><p>Secretario Facultad de Medicina<\/p><p><strong>Email:<\/strong><br \/>jgarciahuidobro@utalca.cl<\/p><\/div><\/div>\n\t\t\t\t<\/div>\n\t\t\t\t\t\t\t<div class=\"elementor-accordion-item\">\n\t\t\t\t\t<div id=\"elementor-tab-title-2603\" class=\"elementor-tab-title\" data-tab=\"3\" role=\"button\" aria-controls=\"elementor-tab-content-2603\" aria-expanded=\"false\">\n\t\t\t\t\t\t\t\t\t\t\t\t\t<span class=\"elementor-accordion-icon elementor-accordion-icon-right\" aria-hidden=\"true\">\n\t\t\t\t\t\t\t\t\t\t\t\t\t\t\t<span class=\"elementor-accordion-icon-closed\"><i class=\"fas fa-caret-down\"><\/i><\/span>\n\t\t\t\t\t\t\t\t<span class=\"elementor-accordion-icon-opened\"><i class=\"fas fa-caret-up\"><\/i><\/span>\n\t\t\t\t\t\t\t\t\t\t\t\t\t\t<\/span>\n\t\t\t\t\t\t\t\t\t\t\t\t<a class=\"elementor-accordion-title\" tabindex=\"0\">Nelson Enrique Brown Vega<\/a>\n\t\t\t\t\t<\/div>\n\t\t\t\t\t<div id=\"elementor-tab-content-2603\" class=\"elementor-tab-content elementor-clearfix\" data-tab=\"3\" role=\"region\" aria-labelledby=\"elementor-tab-title-2603\"><div style=\"padding: 10px; float: left; max-width: 45%; text-align: justify; font-size: 20px;\"><img decoding=\"async\" class=\"alignnone size-medium wp-image-25183\" src=\"https:\/\/medicina.utalca.cl\/wp-content\/uploads\/2022\/08\/NELSON_BROWN-249x300.jpg\" alt=\"\" width=\"249\" height=\"300\" srcset=\"https:\/\/medicina.utalca.cl\/wp-content\/uploads\/2022\/08\/NELSON_BROWN-249x300.jpg 249w, https:\/\/medicina.utalca.cl\/wp-content\/uploads\/2022\/08\/NELSON_BROWN-851x1024.jpg 851w, https:\/\/medicina.utalca.cl\/wp-content\/uploads\/2022\/08\/NELSON_BROWN-768x924.jpg 768w, https:\/\/medicina.utalca.cl\/wp-content\/uploads\/2022\/08\/NELSON_BROWN-1277x1536.jpg 1277w, https:\/\/medicina.utalca.cl\/wp-content\/uploads\/2022\/08\/NELSON_BROWN-1702x2048.jpg 1702w\" sizes=\"(max-width: 249px) 100vw, 249px\" \/><\/div><div style=\"padding: 10px; float: left; max-width: 45%;\"><p><strong>Nelson Enrique Brown Vega<\/strong><\/p><p>Director Escuela de Medicina<\/p><p>M\u00e9dico Cirujano<br \/>Doctorado en Medicina<\/p><p><strong>Jerarqu\u00eda:<\/strong><br \/>Profesor Asociado<\/p><p><strong>Cursos:<\/strong><br \/>Patolog\u00eda Integrada I y II<br \/>Bio\u00e9tica<br \/>Farmacolog\u00eda general<br \/>Farmacolog\u00eda cl\u00ednica<br \/>Investigaci\u00f3n II<br \/>Oncolog\u00eda<br \/>Fisiolog\u00eda I<\/p><p><strong>Email:<\/strong><br \/>nbrown@utalca.cl<\/p><p><strong>Publicaciones:<\/strong><\/p><p><a href=\"https:\/\/medicina.utalca.cl\/?page_id=25971\" target=\"_blank\" rel=\"noopener\">VER<\/a><\/p><\/div><\/div>\n\t\t\t\t<\/div>\n\t\t\t\t\t\t\t<div class=\"elementor-accordion-item\">\n\t\t\t\t\t<div id=\"elementor-tab-title-2604\" class=\"elementor-tab-title\" data-tab=\"4\" role=\"button\" aria-controls=\"elementor-tab-content-2604\" aria-expanded=\"false\">\n\t\t\t\t\t\t\t\t\t\t\t\t\t<span class=\"elementor-accordion-icon elementor-accordion-icon-right\" aria-hidden=\"true\">\n\t\t\t\t\t\t\t\t\t\t\t\t\t\t\t<span class=\"elementor-accordion-icon-closed\"><i class=\"fas fa-caret-down\"><\/i><\/span>\n\t\t\t\t\t\t\t\t<span class=\"elementor-accordion-icon-opened\"><i class=\"fas fa-caret-up\"><\/i><\/span>\n\t\t\t\t\t\t\t\t\t\t\t\t\t\t<\/span>\n\t\t\t\t\t\t\t\t\t\t\t\t<a class=\"elementor-accordion-title\" tabindex=\"0\">Ernesto Adri\u00e1n Sol\u00eds A\u00f1ez<\/a>\n\t\t\t\t\t<\/div>\n\t\t\t\t\t<div id=\"elementor-tab-content-2604\" class=\"elementor-tab-content elementor-clearfix\" data-tab=\"4\" role=\"region\" aria-labelledby=\"elementor-tab-title-2604\"><div style=\"padding: 10px; float: left; max-width: 45%; text-align: justify; font-size: 20px;\"><img loading=\"lazy\" decoding=\"async\" class=\"alignnone size-medium wp-image-25167\" src=\"https:\/\/medicina.utalca.cl\/wp-content\/uploads\/2022\/08\/ERNESTO_SOLIS-225x300.jpg\" alt=\"\" width=\"225\" height=\"300\" srcset=\"https:\/\/medicina.utalca.cl\/wp-content\/uploads\/2022\/08\/ERNESTO_SOLIS-225x300.jpg 225w, https:\/\/medicina.utalca.cl\/wp-content\/uploads\/2022\/08\/ERNESTO_SOLIS-769x1024.jpg 769w, https:\/\/medicina.utalca.cl\/wp-content\/uploads\/2022\/08\/ERNESTO_SOLIS-768x1023.jpg 768w, https:\/\/medicina.utalca.cl\/wp-content\/uploads\/2022\/08\/ERNESTO_SOLIS-1153x1536.jpg 1153w, https:\/\/medicina.utalca.cl\/wp-content\/uploads\/2022\/08\/ERNESTO_SOLIS-1538x2048.jpg 1538w, https:\/\/medicina.utalca.cl\/wp-content\/uploads\/2022\/08\/ERNESTO_SOLIS.jpg 1833w\" sizes=\"(max-width: 225px) 100vw, 225px\" \/><\/div><div style=\"padding: 10px; float: left; max-width: 45%;\"><p><strong>Ernesto Adri\u00e1n Sol\u00eds A\u00f1ez<\/strong><\/p><p>M\u00e9dico Cirujano<br \/>Mag\u00edster Scientiarum en Gen\u00e9tica M\u00e9dica<br \/>Especialista en Gen\u00e9tica Cl\u00ednica (CONACEM)<br \/>Doctorado en Ciencias M\u00e9dicas<\/p><p>Ex-Director de la Escuela de Medicina (2022-2025)<\/p><p><strong>Jerarqu\u00eda:<\/strong><br \/>Profesor Conferenciante<\/p><p><strong>Cursos:<\/strong><br \/>Enfermedades gen\u00e9ticas y medicina de precisi\u00f3n<br \/>Gen\u00e9tica m\u00e9dica<br \/>Bio\u00e9tica<br \/>Investigaci\u00f3n I y II<br \/>Farmacolog\u00eda General<br \/>Ginecolog\u00eda y Obstetricia<br \/>Medicina Basada en la Evidencia<\/p><p><strong>Email:<\/strong><br \/>esolis@utalca.cl<\/p><p><strong>Publicaciones:<\/strong><\/p><p><a href=\"https:\/\/medicina.utalca.cl\/?page_id=25567\" target=\"_blank\" rel=\"noopener\">VER<\/a><\/p><\/div><\/div>\n\t\t\t\t<\/div>\n\t\t\t\t\t\t\t<div class=\"elementor-accordion-item\">\n\t\t\t\t\t<div id=\"elementor-tab-title-2605\" class=\"elementor-tab-title\" data-tab=\"5\" role=\"button\" aria-controls=\"elementor-tab-content-2605\" aria-expanded=\"false\">\n\t\t\t\t\t\t\t\t\t\t\t\t\t<span class=\"elementor-accordion-icon elementor-accordion-icon-right\" aria-hidden=\"true\">\n\t\t\t\t\t\t\t\t\t\t\t\t\t\t\t<span class=\"elementor-accordion-icon-closed\"><i class=\"fas fa-caret-down\"><\/i><\/span>\n\t\t\t\t\t\t\t\t<span class=\"elementor-accordion-icon-opened\"><i class=\"fas fa-caret-up\"><\/i><\/span>\n\t\t\t\t\t\t\t\t\t\t\t\t\t\t<\/span>\n\t\t\t\t\t\t\t\t\t\t\t\t<a class=\"elementor-accordion-title\" tabindex=\"0\">Antonio Arellano S\u00e1nchez<\/a>\n\t\t\t\t\t<\/div>\n\t\t\t\t\t<div id=\"elementor-tab-content-2605\" class=\"elementor-tab-content elementor-clearfix\" data-tab=\"5\" role=\"region\" aria-labelledby=\"elementor-tab-title-2605\"><div style=\"padding: 10px; float: left; max-width: 45%; text-align: justify; font-size: 20px;\"><img loading=\"lazy\" decoding=\"async\" class=\"alignnone size-full wp-image-25160\" src=\"https:\/\/medicina.utalca.cl\/wp-content\/uploads\/2022\/08\/ac_generico.jpg\" alt=\"\" width=\"274\" height=\"274\" srcset=\"https:\/\/medicina.utalca.cl\/wp-content\/uploads\/2022\/08\/ac_generico.jpg 274w, https:\/\/medicina.utalca.cl\/wp-content\/uploads\/2022\/08\/ac_generico-150x150.jpg 150w\" sizes=\"(max-width: 274px) 100vw, 274px\" \/><\/div><div style=\"padding: 10px; float: left; max-width: 45%;\"><p><strong>Antonio Arellano S\u00e1nchez<\/strong><br \/>Coordinador m\u00f3dulo psiquiatr\u00eda<\/p><p><strong>Cursos:<\/strong><\/p><p>Psicolog\u00eda m\u00e9dica<\/p><p><strong>Email:<\/strong><br \/>antonio.arellano@utalca.cl<\/p><\/div><\/div>\n\t\t\t\t<\/div>\n\t\t\t\t\t\t\t<div class=\"elementor-accordion-item\">\n\t\t\t\t\t<div id=\"elementor-tab-title-2606\" class=\"elementor-tab-title\" data-tab=\"6\" role=\"button\" aria-controls=\"elementor-tab-content-2606\" aria-expanded=\"false\">\n\t\t\t\t\t\t\t\t\t\t\t\t\t<span class=\"elementor-accordion-icon elementor-accordion-icon-right\" aria-hidden=\"true\">\n\t\t\t\t\t\t\t\t\t\t\t\t\t\t\t<span class=\"elementor-accordion-icon-closed\"><i class=\"fas fa-caret-down\"><\/i><\/span>\n\t\t\t\t\t\t\t\t<span class=\"elementor-accordion-icon-opened\"><i class=\"fas fa-caret-up\"><\/i><\/span>\n\t\t\t\t\t\t\t\t\t\t\t\t\t\t<\/span>\n\t\t\t\t\t\t\t\t\t\t\t\t<a class=\"elementor-accordion-title\" tabindex=\"0\">Virginia Arias Bello<\/a>\n\t\t\t\t\t<\/div>\n\t\t\t\t\t<div id=\"elementor-tab-content-2606\" class=\"elementor-tab-content elementor-clearfix\" data-tab=\"6\" role=\"region\" aria-labelledby=\"elementor-tab-title-2606\"><div style=\"padding: 10px; float: left; max-width: 45%; text-align: justify; font-size: 20px;\"><img loading=\"lazy\" decoding=\"async\" class=\"alignnone wp-image-25160 size-full\" src=\"https:\/\/medicina.utalca.cl\/wp-content\/uploads\/2022\/08\/ac_generico.jpg\" alt=\"\" width=\"274\" height=\"274\" srcset=\"https:\/\/medicina.utalca.cl\/wp-content\/uploads\/2022\/08\/ac_generico.jpg 274w, https:\/\/medicina.utalca.cl\/wp-content\/uploads\/2022\/08\/ac_generico-150x150.jpg 150w\" sizes=\"(max-width: 274px) 100vw, 274px\" \/><\/div><div style=\"padding: 10px; float: left; max-width: 45%;\"><p><strong>Virginia Arias Bello<\/strong><br \/>M\u00e9dico Cirujano<br \/>Especialidad Medicina Familiar<\/p><p class=\"texto_negro1\"><strong>Jerarqu\u00eda:<\/strong><br \/>Conferenciante<\/p><p class=\"texto_negro1\"><strong>Cursos:<\/strong><br \/>Internado de Medicina Familiar<br \/>Medicina Familiar<\/p><p class=\"texto_negro1\"><strong>Email:<\/strong><br \/>varias@utalca.cl<\/p><\/div><\/div>\n\t\t\t\t<\/div>\n\t\t\t\t\t\t\t<div class=\"elementor-accordion-item\">\n\t\t\t\t\t<div id=\"elementor-tab-title-2607\" class=\"elementor-tab-title\" data-tab=\"7\" role=\"button\" aria-controls=\"elementor-tab-content-2607\" aria-expanded=\"false\">\n\t\t\t\t\t\t\t\t\t\t\t\t\t<span class=\"elementor-accordion-icon elementor-accordion-icon-right\" aria-hidden=\"true\">\n\t\t\t\t\t\t\t\t\t\t\t\t\t\t\t<span class=\"elementor-accordion-icon-closed\"><i class=\"fas fa-caret-down\"><\/i><\/span>\n\t\t\t\t\t\t\t\t<span class=\"elementor-accordion-icon-opened\"><i class=\"fas fa-caret-up\"><\/i><\/span>\n\t\t\t\t\t\t\t\t\t\t\t\t\t\t<\/span>\n\t\t\t\t\t\t\t\t\t\t\t\t<a class=\"elementor-accordion-title\" tabindex=\"0\">Mar\u00eda de la Luz Aylwin Ostale<\/a>\n\t\t\t\t\t<\/div>\n\t\t\t\t\t<div id=\"elementor-tab-content-2607\" class=\"elementor-tab-content elementor-clearfix\" data-tab=\"7\" role=\"region\" aria-labelledby=\"elementor-tab-title-2607\"><div style=\"padding: 10px; float: left; max-width: 45%; text-align: justify; font-size: 20px;\"><img loading=\"lazy\" decoding=\"async\" class=\"alignnone size-full wp-image-25160\" src=\"https:\/\/medicina.utalca.cl\/wp-content\/uploads\/2022\/08\/ac_generico.jpg\" alt=\"\" width=\"274\" height=\"274\" srcset=\"https:\/\/medicina.utalca.cl\/wp-content\/uploads\/2022\/08\/ac_generico.jpg 274w, https:\/\/medicina.utalca.cl\/wp-content\/uploads\/2022\/08\/ac_generico-150x150.jpg 150w\" sizes=\"(max-width: 274px) 100vw, 274px\" \/><\/div><div style=\"padding: 10px; float: left; max-width: 45%;\"><p><strong>Mar\u00eda de la Luz Aylwin Ostale<\/strong><br \/>Licenciado En Ciencias, menci\u00f3n Biolog\u00eda<br \/>Doctorado en Fisiolog\u00eda<\/p><p><strong>Jerarqu\u00eda:<\/strong><br \/>Profesor Asociado<\/p><p><strong>Cursos:<\/strong><\/p><p>Fisiolog\u00eda M\u00e9dica I<br \/>Farmacolog\u00eda General<br \/>Memoria y aprendizaje <br \/>Neurociencias<br \/>Investigaci\u00f3n I y II<\/p><p><strong>Email:<\/strong><br \/>maaylwin@utalca.cl<\/p><p><strong>Publicaciones:<\/strong><\/p><p><a href=\"https:\/\/medicina.utalca.cl\/?page_id=26015\" target=\"_blank\" rel=\"noopener\">VER<\/a><\/p><\/div><\/div>\n\t\t\t\t<\/div>\n\t\t\t\t\t\t\t<div class=\"elementor-accordion-item\">\n\t\t\t\t\t<div id=\"elementor-tab-title-2608\" class=\"elementor-tab-title\" data-tab=\"8\" role=\"button\" aria-controls=\"elementor-tab-content-2608\" aria-expanded=\"false\">\n\t\t\t\t\t\t\t\t\t\t\t\t\t<span class=\"elementor-accordion-icon elementor-accordion-icon-right\" aria-hidden=\"true\">\n\t\t\t\t\t\t\t\t\t\t\t\t\t\t\t<span class=\"elementor-accordion-icon-closed\"><i class=\"fas fa-caret-down\"><\/i><\/span>\n\t\t\t\t\t\t\t\t<span class=\"elementor-accordion-icon-opened\"><i class=\"fas fa-caret-up\"><\/i><\/span>\n\t\t\t\t\t\t\t\t\t\t\t\t\t\t<\/span>\n\t\t\t\t\t\t\t\t\t\t\t\t<a class=\"elementor-accordion-title\" tabindex=\"0\">Soledad Ballesteros Teuber<\/a>\n\t\t\t\t\t<\/div>\n\t\t\t\t\t<div id=\"elementor-tab-content-2608\" class=\"elementor-tab-content elementor-clearfix\" data-tab=\"8\" role=\"region\" aria-labelledby=\"elementor-tab-title-2608\"><div style=\"padding: 10px; float: left; max-width: 45%; text-align: justify; font-size: 20px;\"><img loading=\"lazy\" decoding=\"async\" class=\"alignnone size-full wp-image-25160\" src=\"https:\/\/medicina.utalca.cl\/wp-content\/uploads\/2022\/08\/ac_generico.jpg\" alt=\"\" width=\"274\" height=\"274\" srcset=\"https:\/\/medicina.utalca.cl\/wp-content\/uploads\/2022\/08\/ac_generico.jpg 274w, https:\/\/medicina.utalca.cl\/wp-content\/uploads\/2022\/08\/ac_generico-150x150.jpg 150w\" sizes=\"(max-width: 274px) 100vw, 274px\" \/><\/div><div style=\"padding: 10px; float: left; max-width: 45%;\"><p><strong>Soledad Ballesteros Teuber<\/strong><br \/>Coordinadora de m\u00f3dulos de Psicolog\u00eda M\u00e9dica y Manejo del Estr\u00e9s y Calidad de Vida<\/p><p><strong>Cursos:<\/strong><\/p><p>Psiquiatr\u00eda y Psicopatolog\u00eda<\/p><p><strong>Email:<\/strong><br \/>mballesteros@utalca.cl<\/p><\/div><\/div>\n\t\t\t\t<\/div>\n\t\t\t\t\t\t\t<div class=\"elementor-accordion-item\">\n\t\t\t\t\t<div id=\"elementor-tab-title-2609\" class=\"elementor-tab-title\" data-tab=\"9\" role=\"button\" aria-controls=\"elementor-tab-content-2609\" aria-expanded=\"false\">\n\t\t\t\t\t\t\t\t\t\t\t\t\t<span class=\"elementor-accordion-icon elementor-accordion-icon-right\" aria-hidden=\"true\">\n\t\t\t\t\t\t\t\t\t\t\t\t\t\t\t<span class=\"elementor-accordion-icon-closed\"><i class=\"fas fa-caret-down\"><\/i><\/span>\n\t\t\t\t\t\t\t\t<span class=\"elementor-accordion-icon-opened\"><i class=\"fas fa-caret-up\"><\/i><\/span>\n\t\t\t\t\t\t\t\t\t\t\t\t\t\t<\/span>\n\t\t\t\t\t\t\t\t\t\t\t\t<a class=\"elementor-accordion-title\" tabindex=\"0\">Jorge Antonio Calvo Consiglieri<\/a>\n\t\t\t\t\t<\/div>\n\t\t\t\t\t<div id=\"elementor-tab-content-2609\" class=\"elementor-tab-content elementor-clearfix\" data-tab=\"9\" role=\"region\" aria-labelledby=\"elementor-tab-title-2609\"><div style=\"padding: 10px; float: left; max-width: 45%; text-align: justify; font-size: 20px;\"><img loading=\"lazy\" decoding=\"async\" class=\"alignnone wp-image-25187 size-medium\" src=\"https:\/\/medicina.utalca.cl\/wp-content\/uploads\/2022\/08\/JORGE_CALVO-261x300.jpg\" alt=\"\" width=\"261\" height=\"300\" srcset=\"https:\/\/medicina.utalca.cl\/wp-content\/uploads\/2022\/08\/JORGE_CALVO-261x300.jpg 261w, https:\/\/medicina.utalca.cl\/wp-content\/uploads\/2022\/08\/JORGE_CALVO-891x1024.jpg 891w, https:\/\/medicina.utalca.cl\/wp-content\/uploads\/2022\/08\/JORGE_CALVO-768x882.jpg 768w, https:\/\/medicina.utalca.cl\/wp-content\/uploads\/2022\/08\/JORGE_CALVO-1337x1536.jpg 1337w, https:\/\/medicina.utalca.cl\/wp-content\/uploads\/2022\/08\/JORGE_CALVO-1782x2048.jpg 1782w\" sizes=\"(max-width: 261px) 100vw, 261px\" \/><\/div><div style=\"padding: 10px; float: left; max-width: 45%;\"><p class=\"texto_negro1\"><strong>Jorge Antonio Calvo Consiglieri<\/strong><br \/>M\u00e9dico Cirujano<br \/>Especialidad Psiquiatr\u00eda<\/p><p class=\"texto_negro1\"><strong>Jerarqu\u00eda:<\/strong><br \/>Conferenciante<\/p><p class=\"texto_negro1\"><strong>Cursos:<\/strong><br \/>Internado Salud Mental<br \/>Psiquiatr\u00eda<br \/>Psicopatolog\u00eda<\/p><p class=\"texto_negro1\"><strong>Email:<\/strong><br \/>jcalvo@utalca.cl<\/p><\/div><\/div>\n\t\t\t\t<\/div>\n\t\t\t\t\t\t\t<div class=\"elementor-accordion-item\">\n\t\t\t\t\t<div id=\"elementor-tab-title-26010\" class=\"elementor-tab-title\" data-tab=\"10\" role=\"button\" aria-controls=\"elementor-tab-content-26010\" aria-expanded=\"false\">\n\t\t\t\t\t\t\t\t\t\t\t\t\t<span class=\"elementor-accordion-icon elementor-accordion-icon-right\" aria-hidden=\"true\">\n\t\t\t\t\t\t\t\t\t\t\t\t\t\t\t<span class=\"elementor-accordion-icon-closed\"><i class=\"fas fa-caret-down\"><\/i><\/span>\n\t\t\t\t\t\t\t\t<span class=\"elementor-accordion-icon-opened\"><i class=\"fas fa-caret-up\"><\/i><\/span>\n\t\t\t\t\t\t\t\t\t\t\t\t\t\t<\/span>\n\t\t\t\t\t\t\t\t\t\t\t\t<a class=\"elementor-accordion-title\" tabindex=\"0\">Alfredo Cancino Arce<\/a>\n\t\t\t\t\t<\/div>\n\t\t\t\t\t<div id=\"elementor-tab-content-26010\" class=\"elementor-tab-content elementor-clearfix\" data-tab=\"10\" role=\"region\" aria-labelledby=\"elementor-tab-title-26010\"><div style=\"padding: 10px; float: left; max-width: 45%; text-align: justify; font-size: 20px;\"><img loading=\"lazy\" decoding=\"async\" class=\"alignnone size-full wp-image-25160\" src=\"https:\/\/medicina.utalca.cl\/wp-content\/uploads\/2022\/08\/ac_generico.jpg\" alt=\"\" width=\"274\" height=\"274\" srcset=\"https:\/\/medicina.utalca.cl\/wp-content\/uploads\/2022\/08\/ac_generico.jpg 274w, https:\/\/medicina.utalca.cl\/wp-content\/uploads\/2022\/08\/ac_generico-150x150.jpg 150w\" sizes=\"(max-width: 274px) 100vw, 274px\" \/><\/div><div style=\"padding: 10px; float: left; max-width: 45%;\"><p><strong>Alfredo Cancino Arce<\/strong><br \/>Coordinador de m\u00f3dulo Psicopatolog\u00eda<\/p><p><strong>Cursos:<\/strong><\/p><p>Psiquiatr\u00eda y Psicolog\u00eda M\u00e9dica<\/p><p><strong>Email:<\/strong><br \/>acancino@utalca.cl<\/p><\/div><\/div>\n\t\t\t\t<\/div>\n\t\t\t\t\t\t\t<div class=\"elementor-accordion-item\">\n\t\t\t\t\t<div id=\"elementor-tab-title-26011\" class=\"elementor-tab-title\" data-tab=\"11\" role=\"button\" aria-controls=\"elementor-tab-content-26011\" aria-expanded=\"false\">\n\t\t\t\t\t\t\t\t\t\t\t\t\t<span class=\"elementor-accordion-icon elementor-accordion-icon-right\" aria-hidden=\"true\">\n\t\t\t\t\t\t\t\t\t\t\t\t\t\t\t<span class=\"elementor-accordion-icon-closed\"><i class=\"fas fa-caret-down\"><\/i><\/span>\n\t\t\t\t\t\t\t\t<span class=\"elementor-accordion-icon-opened\"><i class=\"fas fa-caret-up\"><\/i><\/span>\n\t\t\t\t\t\t\t\t\t\t\t\t\t\t<\/span>\n\t\t\t\t\t\t\t\t\t\t\t\t<a class=\"elementor-accordion-title\" tabindex=\"0\">M\u00f3nica Carrasco Gonz\u00e1lez<\/a>\n\t\t\t\t\t<\/div>\n\t\t\t\t\t<div id=\"elementor-tab-content-26011\" class=\"elementor-tab-content elementor-clearfix\" data-tab=\"11\" role=\"region\" aria-labelledby=\"elementor-tab-title-26011\"><div style=\"padding: 10px; float: left; max-width: 45%; text-align: justify; font-size: 20px;\"><img loading=\"lazy\" decoding=\"async\" class=\"alignnone wp-image-25282 size-medium\" src=\"https:\/\/medicina.utalca.cl\/wp-content\/uploads\/2022\/08\/MONICA_CARRASCO-225x300.jpg\" alt=\"\" width=\"225\" height=\"300\" srcset=\"https:\/\/medicina.utalca.cl\/wp-content\/uploads\/2022\/08\/MONICA_CARRASCO-225x300.jpg 225w, https:\/\/medicina.utalca.cl\/wp-content\/uploads\/2022\/08\/MONICA_CARRASCO-768x1024.jpg 768w, https:\/\/medicina.utalca.cl\/wp-content\/uploads\/2022\/08\/MONICA_CARRASCO-1152x1536.jpg 1152w, https:\/\/medicina.utalca.cl\/wp-content\/uploads\/2022\/08\/MONICA_CARRASCO-1536x2048.jpg 1536w, https:\/\/medicina.utalca.cl\/wp-content\/uploads\/2022\/08\/MONICA_CARRASCO.jpg 1885w\" sizes=\"(max-width: 225px) 100vw, 225px\" \/><\/div><div style=\"padding: 10px; float: left; max-width: 45%;\"><p class=\"texto_negro1\"><strong>M\u00f3nica Carrasco Gonz\u00e1lez<\/strong><br \/>M\u00e9dico cirujano<\/p><p class=\"texto_negro1\"><strong>Jerarqu\u00eda:<\/strong><br \/>Profesor conferenciante<\/p><p class=\"texto_negro1\"><strong>Cursos:<\/strong><br \/>Precl\u00ednicos integrados<br \/>Medicina familiar<br \/>Internado de Medicina familiar<\/p><p class=\"texto_negro1\"><strong>Email:<\/strong><br \/>monica.carrasco@utalca.cl<\/p><\/div><\/div>\n\t\t\t\t<\/div>\n\t\t\t\t\t\t\t<div class=\"elementor-accordion-item\">\n\t\t\t\t\t<div id=\"elementor-tab-title-26012\" class=\"elementor-tab-title\" data-tab=\"12\" role=\"button\" aria-controls=\"elementor-tab-content-26012\" aria-expanded=\"false\">\n\t\t\t\t\t\t\t\t\t\t\t\t\t<span class=\"elementor-accordion-icon elementor-accordion-icon-right\" aria-hidden=\"true\">\n\t\t\t\t\t\t\t\t\t\t\t\t\t\t\t<span class=\"elementor-accordion-icon-closed\"><i class=\"fas fa-caret-down\"><\/i><\/span>\n\t\t\t\t\t\t\t\t<span class=\"elementor-accordion-icon-opened\"><i class=\"fas fa-caret-up\"><\/i><\/span>\n\t\t\t\t\t\t\t\t\t\t\t\t\t\t<\/span>\n\t\t\t\t\t\t\t\t\t\t\t\t<a class=\"elementor-accordion-title\" tabindex=\"0\">Kerly Cubill\u00e1n Pedrea\u00f1ez<\/a>\n\t\t\t\t\t<\/div>\n\t\t\t\t\t<div id=\"elementor-tab-content-26012\" class=\"elementor-tab-content elementor-clearfix\" data-tab=\"12\" role=\"region\" aria-labelledby=\"elementor-tab-title-26012\"><div style=\"padding: 10px; float: left; max-width: 45%; text-align: justify; font-size: 20px;\"><img loading=\"lazy\" decoding=\"async\" class=\"alignnone size-full wp-image-25160\" src=\"https:\/\/medicina.utalca.cl\/wp-content\/uploads\/2022\/08\/ac_generico.jpg\" alt=\"\" width=\"274\" height=\"274\" srcset=\"https:\/\/medicina.utalca.cl\/wp-content\/uploads\/2022\/08\/ac_generico.jpg 274w, https:\/\/medicina.utalca.cl\/wp-content\/uploads\/2022\/08\/ac_generico-150x150.jpg 150w\" sizes=\"(max-width: 274px) 100vw, 274px\" \/><\/div><div style=\"padding: 10px; float: left; max-width: 45%;\"><p><strong>Kerly Cubill\u00e1n Pedrea\u00f1ez<\/strong><br \/>M\u00e9dica Cirujana<br \/>Especialista en Medicina Interna<\/p><p><strong>Jerarqu\u00eda:<\/strong><br \/>Conferenciante<\/p><p><strong>Cursos:<\/strong><br \/>Medicina Interna I y II<br \/>MIC-I<br \/>MIC-II<br \/>Farmacolog\u00eda Cl\u00ednica<br \/>Precl\u00ednicos Integrados<\/p><p><strong>Email:<\/strong><br \/>kerly.cubillan@utalca.cl<\/p><\/div><\/div>\n\t\t\t\t<\/div>\n\t\t\t\t\t\t\t<div class=\"elementor-accordion-item\">\n\t\t\t\t\t<div id=\"elementor-tab-title-26013\" class=\"elementor-tab-title\" data-tab=\"13\" role=\"button\" aria-controls=\"elementor-tab-content-26013\" aria-expanded=\"false\">\n\t\t\t\t\t\t\t\t\t\t\t\t\t<span class=\"elementor-accordion-icon elementor-accordion-icon-right\" aria-hidden=\"true\">\n\t\t\t\t\t\t\t\t\t\t\t\t\t\t\t<span class=\"elementor-accordion-icon-closed\"><i class=\"fas fa-caret-down\"><\/i><\/span>\n\t\t\t\t\t\t\t\t<span class=\"elementor-accordion-icon-opened\"><i class=\"fas fa-caret-up\"><\/i><\/span>\n\t\t\t\t\t\t\t\t\t\t\t\t\t\t<\/span>\n\t\t\t\t\t\t\t\t\t\t\t\t<a class=\"elementor-accordion-title\" tabindex=\"0\">Paulina Elena Espinoza Carrasco<\/a>\n\t\t\t\t\t<\/div>\n\t\t\t\t\t<div id=\"elementor-tab-content-26013\" class=\"elementor-tab-content elementor-clearfix\" data-tab=\"13\" role=\"region\" aria-labelledby=\"elementor-tab-title-26013\"><div style=\"padding: 10px; float: left; max-width: 45%; text-align: justify; font-size: 20px;\"><img loading=\"lazy\" decoding=\"async\" class=\"alignnone size-medium wp-image-25191\" src=\"https:\/\/medicina.utalca.cl\/wp-content\/uploads\/2022\/08\/PAULINA_ESPINOZA-251x300.jpg\" alt=\"\" width=\"251\" height=\"300\" srcset=\"https:\/\/medicina.utalca.cl\/wp-content\/uploads\/2022\/08\/PAULINA_ESPINOZA-251x300.jpg 251w, https:\/\/medicina.utalca.cl\/wp-content\/uploads\/2022\/08\/PAULINA_ESPINOZA-856x1024.jpg 856w, https:\/\/medicina.utalca.cl\/wp-content\/uploads\/2022\/08\/PAULINA_ESPINOZA-768x919.jpg 768w, https:\/\/medicina.utalca.cl\/wp-content\/uploads\/2022\/08\/PAULINA_ESPINOZA-1284x1536.jpg 1284w, https:\/\/medicina.utalca.cl\/wp-content\/uploads\/2022\/08\/PAULINA_ESPINOZA-1712x2048.jpg 1712w, https:\/\/medicina.utalca.cl\/wp-content\/uploads\/2022\/08\/PAULINA_ESPINOZA.jpg 2045w\" sizes=\"(max-width: 251px) 100vw, 251px\" \/><\/div><div style=\"padding: 10px; float: left; max-width: 45%;\"><p><strong>Paulina Elena Espinoza Carrasco<\/strong><br \/>Enfermera<br \/>Mag\u00edster en Enfermer\u00eda<\/p><p><strong>Jerarqu\u00eda:<\/strong><br \/>Conferenciante<\/p><p><strong>Cursos:<\/strong><\/p><p>Procedimientos cl\u00ednicos b\u00e1sicos<br \/>Introducci\u00f3n a la Medicina<br \/>Coordinadora de Simulaci\u00f3n Cl\u00ednica<br \/>Bio\u00e9tica<\/p><p><strong>Email:<\/strong><br \/>pespinoza@utalca.cl<\/p><\/div><\/div>\n\t\t\t\t<\/div>\n\t\t\t\t\t\t\t<div class=\"elementor-accordion-item\">\n\t\t\t\t\t<div id=\"elementor-tab-title-26014\" class=\"elementor-tab-title\" data-tab=\"14\" role=\"button\" aria-controls=\"elementor-tab-content-26014\" aria-expanded=\"false\">\n\t\t\t\t\t\t\t\t\t\t\t\t\t<span class=\"elementor-accordion-icon elementor-accordion-icon-right\" aria-hidden=\"true\">\n\t\t\t\t\t\t\t\t\t\t\t\t\t\t\t<span class=\"elementor-accordion-icon-closed\"><i class=\"fas fa-caret-down\"><\/i><\/span>\n\t\t\t\t\t\t\t\t<span class=\"elementor-accordion-icon-opened\"><i class=\"fas fa-caret-up\"><\/i><\/span>\n\t\t\t\t\t\t\t\t\t\t\t\t\t\t<\/span>\n\t\t\t\t\t\t\t\t\t\t\t\t<a class=\"elementor-accordion-title\" tabindex=\"0\">Leoncio Fuentes Valenzuela<\/a>\n\t\t\t\t\t<\/div>\n\t\t\t\t\t<div id=\"elementor-tab-content-26014\" class=\"elementor-tab-content elementor-clearfix\" data-tab=\"14\" role=\"region\" aria-labelledby=\"elementor-tab-title-26014\"><div style=\"padding: 10px; float: left; max-width: 45%; text-align: justify; font-size: 20px;\"><img loading=\"lazy\" decoding=\"async\" class=\"alignnone wp-image-25195 size-medium\" src=\"https:\/\/medicina.utalca.cl\/wp-content\/uploads\/2022\/08\/LEONCIO_FUENTES-251x300.jpg\" alt=\"\" width=\"251\" height=\"300\" srcset=\"https:\/\/medicina.utalca.cl\/wp-content\/uploads\/2022\/08\/LEONCIO_FUENTES-251x300.jpg 251w, https:\/\/medicina.utalca.cl\/wp-content\/uploads\/2022\/08\/LEONCIO_FUENTES-855x1024.jpg 855w, https:\/\/medicina.utalca.cl\/wp-content\/uploads\/2022\/08\/LEONCIO_FUENTES-768x920.jpg 768w, https:\/\/medicina.utalca.cl\/wp-content\/uploads\/2022\/08\/LEONCIO_FUENTES-1283x1536.jpg 1283w, https:\/\/medicina.utalca.cl\/wp-content\/uploads\/2022\/08\/LEONCIO_FUENTES-1710x2048.jpg 1710w\" sizes=\"(max-width: 251px) 100vw, 251px\" \/><\/div><div style=\"padding: 10px; float: left; max-width: 45%;\"><p class=\"texto_negro1\"><strong>Leoncio Fuentes Valenzuela<\/strong><br \/>M\u00e9dico Cirujano<br \/>Especialidad en Ginecolog\u00eda<\/p><p class=\"texto_negro1\"><strong>Jerarqu\u00eda:<\/strong><br \/>Conferenciante<\/p><p class=\"texto_negro1\"><strong>Cursos:<\/strong><br \/>Internado de Ginecolog\u00eda<br \/>Ginecolog\u00eda y Obstetricia<\/p><p class=\"texto_negro1\"><strong>Email:<\/strong><br \/>leofuentes@utalca.cl<\/p><\/div><\/div>\n\t\t\t\t<\/div>\n\t\t\t\t\t\t\t<div class=\"elementor-accordion-item\">\n\t\t\t\t\t<div id=\"elementor-tab-title-26015\" class=\"elementor-tab-title\" data-tab=\"15\" role=\"button\" aria-controls=\"elementor-tab-content-26015\" aria-expanded=\"false\">\n\t\t\t\t\t\t\t\t\t\t\t\t\t<span class=\"elementor-accordion-icon elementor-accordion-icon-right\" aria-hidden=\"true\">\n\t\t\t\t\t\t\t\t\t\t\t\t\t\t\t<span class=\"elementor-accordion-icon-closed\"><i class=\"fas fa-caret-down\"><\/i><\/span>\n\t\t\t\t\t\t\t\t<span class=\"elementor-accordion-icon-opened\"><i class=\"fas fa-caret-up\"><\/i><\/span>\n\t\t\t\t\t\t\t\t\t\t\t\t\t\t<\/span>\n\t\t\t\t\t\t\t\t\t\t\t\t<a class=\"elementor-accordion-title\" tabindex=\"0\">Sergio Alejandro Gu\u00ed\u00f1ez Molinos<\/a>\n\t\t\t\t\t<\/div>\n\t\t\t\t\t<div id=\"elementor-tab-content-26015\" class=\"elementor-tab-content elementor-clearfix\" data-tab=\"15\" role=\"region\" aria-labelledby=\"elementor-tab-title-26015\"><div style=\"padding: 10px; float: left; max-width: 45%; text-align: justify; font-size: 20px;\"><img loading=\"lazy\" decoding=\"async\" class=\"alignnone wp-image-25196 size-medium\" src=\"https:\/\/medicina.utalca.cl\/wp-content\/uploads\/2022\/08\/SERGIO_GUINEZ-249x300.jpg\" alt=\"\" width=\"249\" height=\"300\" srcset=\"https:\/\/medicina.utalca.cl\/wp-content\/uploads\/2022\/08\/SERGIO_GUINEZ-249x300.jpg 249w, https:\/\/medicina.utalca.cl\/wp-content\/uploads\/2022\/08\/SERGIO_GUINEZ-851x1024.jpg 851w, https:\/\/medicina.utalca.cl\/wp-content\/uploads\/2022\/08\/SERGIO_GUINEZ-768x924.jpg 768w, https:\/\/medicina.utalca.cl\/wp-content\/uploads\/2022\/08\/SERGIO_GUINEZ-1277x1536.jpg 1277w, https:\/\/medicina.utalca.cl\/wp-content\/uploads\/2022\/08\/SERGIO_GUINEZ-1702x2048.jpg 1702w\" sizes=\"(max-width: 249px) 100vw, 249px\" \/><\/div><div style=\"padding: 10px; float: left; max-width: 45%;\"><p class=\"texto_negro1\"><strong>Sergio Alejandro Gu\u00ed\u00f1ez Molinos<\/strong><br \/>Ingeniero en Inform\u00e1tica<br \/>Doctorado en Medicina e investigaci\u00f3n Traslacional<\/p><p class=\"texto_negro1\"><strong>Jerarqu\u00eda:<\/strong><br \/>Conferenciante<\/p><p class=\"texto_negro1\"><strong>Cursos:<\/strong><br \/>Investigaci\u00f3n I<br \/>Investigaci\u00f3n II<\/p><p class=\"texto_negro1\"><strong>Email:<\/strong><br \/>sguinez@utalca.cl<\/p><p><strong>Publicaciones:<br \/><\/strong><a href=\"https:\/\/medicina.utalca.cl\/?page_id=25496\" target=\"_blank\" rel=\"noopener\">VER<\/a><\/p><\/div><\/div>\n\t\t\t\t<\/div>\n\t\t\t\t\t\t\t<div class=\"elementor-accordion-item\">\n\t\t\t\t\t<div id=\"elementor-tab-title-26016\" class=\"elementor-tab-title\" data-tab=\"16\" role=\"button\" aria-controls=\"elementor-tab-content-26016\" aria-expanded=\"false\">\n\t\t\t\t\t\t\t\t\t\t\t\t\t<span class=\"elementor-accordion-icon elementor-accordion-icon-right\" aria-hidden=\"true\">\n\t\t\t\t\t\t\t\t\t\t\t\t\t\t\t<span class=\"elementor-accordion-icon-closed\"><i class=\"fas fa-caret-down\"><\/i><\/span>\n\t\t\t\t\t\t\t\t<span class=\"elementor-accordion-icon-opened\"><i class=\"fas fa-caret-up\"><\/i><\/span>\n\t\t\t\t\t\t\t\t\t\t\t\t\t\t<\/span>\n\t\t\t\t\t\t\t\t\t\t\t\t<a class=\"elementor-accordion-title\" tabindex=\"0\">Jimena del Carmen Guti\u00e9rrez Carrasco<\/a>\n\t\t\t\t\t<\/div>\n\t\t\t\t\t<div id=\"elementor-tab-content-26016\" class=\"elementor-tab-content elementor-clearfix\" data-tab=\"16\" role=\"region\" aria-labelledby=\"elementor-tab-title-26016\"><div style=\"padding: 10px; float: left; max-width: 45%; text-align: justify; font-size: 20px;\"><img loading=\"lazy\" decoding=\"async\" class=\"alignnone wp-image-25160 size-full\" src=\"https:\/\/medicina.utalca.cl\/wp-content\/uploads\/2022\/08\/ac_generico.jpg\" alt=\"\" width=\"274\" height=\"274\" srcset=\"https:\/\/medicina.utalca.cl\/wp-content\/uploads\/2022\/08\/ac_generico.jpg 274w, https:\/\/medicina.utalca.cl\/wp-content\/uploads\/2022\/08\/ac_generico-150x150.jpg 150w\" sizes=\"(max-width: 274px) 100vw, 274px\" \/><\/div><div style=\"padding: 10px; float: left; max-width: 45%;\"><p class=\"texto_negro1\"><strong>Jimena del Carmen Guti\u00e9rrez Carrasco<\/strong><br \/>M\u00e9dico Cirujano<br \/>Especialidad Medicina Interna<\/p><p class=\"texto_negro1\"><strong>Jerarqu\u00eda:<\/strong><br \/>Conferenciante<\/p><p class=\"texto_negro1\"><strong>Cursos:<\/strong><br \/>Internado Medicina Interna<\/p><p class=\"texto_negro1\"><strong>Email:<\/strong><br \/>jigutierrez@utalca.cl<\/p><\/div><\/div>\n\t\t\t\t<\/div>\n\t\t\t\t\t\t\t<div class=\"elementor-accordion-item\">\n\t\t\t\t\t<div id=\"elementor-tab-title-26017\" class=\"elementor-tab-title\" data-tab=\"17\" role=\"button\" aria-controls=\"elementor-tab-content-26017\" aria-expanded=\"false\">\n\t\t\t\t\t\t\t\t\t\t\t\t\t<span class=\"elementor-accordion-icon elementor-accordion-icon-right\" aria-hidden=\"true\">\n\t\t\t\t\t\t\t\t\t\t\t\t\t\t\t<span class=\"elementor-accordion-icon-closed\"><i class=\"fas fa-caret-down\"><\/i><\/span>\n\t\t\t\t\t\t\t\t<span class=\"elementor-accordion-icon-opened\"><i class=\"fas fa-caret-up\"><\/i><\/span>\n\t\t\t\t\t\t\t\t\t\t\t\t\t\t<\/span>\n\t\t\t\t\t\t\t\t\t\t\t\t<a class=\"elementor-accordion-title\" tabindex=\"0\">Gonzalo Guti\u00e9rrez Ram\u00edrez<\/a>\n\t\t\t\t\t<\/div>\n\t\t\t\t\t<div id=\"elementor-tab-content-26017\" class=\"elementor-tab-content elementor-clearfix\" data-tab=\"17\" role=\"region\" aria-labelledby=\"elementor-tab-title-26017\"><div style=\"padding: 10px; float: left; max-width: 45%; text-align: justify; font-size: 20px;\"><img loading=\"lazy\" decoding=\"async\" class=\"alignnone size-medium wp-image-25270\" src=\"https:\/\/medicina.utalca.cl\/wp-content\/uploads\/2022\/08\/GONZALO_GUTIERREZ-250x300.jpg\" alt=\"\" width=\"250\" height=\"300\" srcset=\"https:\/\/medicina.utalca.cl\/wp-content\/uploads\/2022\/08\/GONZALO_GUTIERREZ-250x300.jpg 250w, https:\/\/medicina.utalca.cl\/wp-content\/uploads\/2022\/08\/GONZALO_GUTIERREZ-852x1024.jpg 852w, https:\/\/medicina.utalca.cl\/wp-content\/uploads\/2022\/08\/GONZALO_GUTIERREZ-768x923.jpg 768w, https:\/\/medicina.utalca.cl\/wp-content\/uploads\/2022\/08\/GONZALO_GUTIERREZ-1278x1536.jpg 1278w, https:\/\/medicina.utalca.cl\/wp-content\/uploads\/2022\/08\/GONZALO_GUTIERREZ-1704x2048.jpg 1704w, https:\/\/medicina.utalca.cl\/wp-content\/uploads\/2022\/08\/GONZALO_GUTIERREZ.jpg 2045w\" sizes=\"(max-width: 250px) 100vw, 250px\" \/><\/div><div style=\"padding: 10px; float: left; max-width: 45%;\"><p><strong>Gonzalo Guti\u00e9rrez Ram\u00edrez<\/strong><\/p><p>Director Escuela de Postgrado y\u00a0 Especialidades M\u00e9dicas<\/p><p>M\u00e9dico Cirujano<br \/>Especialista en Puericultura y Pediatr\u00eda<br \/>SubEspecialista en Medicina cr\u00edtica pedi\u00e1trica<\/p><p><strong>Cursos:<\/strong><br \/>Pediatr\u00eda<br \/>Internado Pediatr\u00eda.<\/p><p><strong>Email:<\/strong><br \/>gogutierrez@utalca.cl<\/p><\/div><\/div>\n\t\t\t\t<\/div>\n\t\t\t\t\t\t\t<div class=\"elementor-accordion-item\">\n\t\t\t\t\t<div id=\"elementor-tab-title-26018\" class=\"elementor-tab-title\" data-tab=\"18\" role=\"button\" aria-controls=\"elementor-tab-content-26018\" aria-expanded=\"false\">\n\t\t\t\t\t\t\t\t\t\t\t\t\t<span class=\"elementor-accordion-icon elementor-accordion-icon-right\" aria-hidden=\"true\">\n\t\t\t\t\t\t\t\t\t\t\t\t\t\t\t<span class=\"elementor-accordion-icon-closed\"><i class=\"fas fa-caret-down\"><\/i><\/span>\n\t\t\t\t\t\t\t\t<span class=\"elementor-accordion-icon-opened\"><i class=\"fas fa-caret-up\"><\/i><\/span>\n\t\t\t\t\t\t\t\t\t\t\t\t\t\t<\/span>\n\t\t\t\t\t\t\t\t\t\t\t\t<a class=\"elementor-accordion-title\" tabindex=\"0\">Dayana Machado Boscan<\/a>\n\t\t\t\t\t<\/div>\n\t\t\t\t\t<div id=\"elementor-tab-content-26018\" class=\"elementor-tab-content elementor-clearfix\" data-tab=\"18\" role=\"region\" aria-labelledby=\"elementor-tab-title-26018\"><div style=\"padding: 10px; float: left; max-width: 45%; text-align: justify; font-size: 20px;\"><img loading=\"lazy\" decoding=\"async\" class=\"alignnone wp-image-25274 size-medium\" src=\"https:\/\/medicina.utalca.cl\/wp-content\/uploads\/2022\/08\/DAYANA_MACHADO-217x300.jpg\" alt=\"\" width=\"217\" height=\"300\" srcset=\"https:\/\/medicina.utalca.cl\/wp-content\/uploads\/2022\/08\/DAYANA_MACHADO-217x300.jpg 217w, https:\/\/medicina.utalca.cl\/wp-content\/uploads\/2022\/08\/DAYANA_MACHADO-739x1024.jpg 739w, https:\/\/medicina.utalca.cl\/wp-content\/uploads\/2022\/08\/DAYANA_MACHADO-768x1064.jpg 768w, https:\/\/medicina.utalca.cl\/wp-content\/uploads\/2022\/08\/DAYANA_MACHADO-1109x1536.jpg 1109w, https:\/\/medicina.utalca.cl\/wp-content\/uploads\/2022\/08\/DAYANA_MACHADO-1478x2048.jpg 1478w, https:\/\/medicina.utalca.cl\/wp-content\/uploads\/2022\/08\/DAYANA_MACHADO.jpg 1717w\" sizes=\"(max-width: 217px) 100vw, 217px\" \/><\/div><div style=\"padding: 10px; float: left; max-width: 45%;\"><p class=\"texto_negro1\"><strong>Dayana Machado Boscan<\/strong><\/p><p>M\u00e9dica Cirujano<br \/>Especialista en Medicina Interna.<br \/>Magister en Ciencias de la Educaci\u00f3n.<br \/>Diplomado en Competencias Docentes.<br \/>Diplomado en Ultrasonido cl\u00ednico.<br \/>PUC<\/p><p class=\"texto_negro1\"><strong>Email:<\/strong><br \/>dmachado@utalca.cl<\/p><p><strong>Jerarqu\u00eda<\/strong>:<br \/>Conferenciante<\/p><p class=\"texto_negro1\"><strong>Cursos:<\/strong><\/p><p class=\"texto_negro1\">Coordinadora M\u00f3dulos Medicina Interna I y II<\/p><p>Docente Patolog\u00eda Integrada I y II<\/p><p>Docente Simulaci\u00f3n Cl\u00ednica<\/p><p>Directora Programa de Especializaci\u00f3n en Medicina Interna.<\/p><\/div><\/div>\n\t\t\t\t<\/div>\n\t\t\t\t\t\t\t<div class=\"elementor-accordion-item\">\n\t\t\t\t\t<div id=\"elementor-tab-title-26019\" class=\"elementor-tab-title\" data-tab=\"19\" role=\"button\" aria-controls=\"elementor-tab-content-26019\" aria-expanded=\"false\">\n\t\t\t\t\t\t\t\t\t\t\t\t\t<span class=\"elementor-accordion-icon elementor-accordion-icon-right\" aria-hidden=\"true\">\n\t\t\t\t\t\t\t\t\t\t\t\t\t\t\t<span class=\"elementor-accordion-icon-closed\"><i class=\"fas fa-caret-down\"><\/i><\/span>\n\t\t\t\t\t\t\t\t<span class=\"elementor-accordion-icon-opened\"><i class=\"fas fa-caret-up\"><\/i><\/span>\n\t\t\t\t\t\t\t\t\t\t\t\t\t\t<\/span>\n\t\t\t\t\t\t\t\t\t\t\t\t<a class=\"elementor-accordion-title\" tabindex=\"0\">Olga Mireya Molina Cabeza<\/a>\n\t\t\t\t\t<\/div>\n\t\t\t\t\t<div id=\"elementor-tab-content-26019\" class=\"elementor-tab-content elementor-clearfix\" data-tab=\"19\" role=\"region\" aria-labelledby=\"elementor-tab-title-26019\"><div style=\"padding: 10px; float: left; max-width: 45%; text-align: justify; font-size: 20px;\"><img loading=\"lazy\" decoding=\"async\" class=\"alignnone wp-image-25222 size-medium\" src=\"https:\/\/medicina.utalca.cl\/wp-content\/uploads\/2022\/08\/OLGA_MOLINA-250x300.jpg\" alt=\"\" width=\"250\" height=\"300\" srcset=\"https:\/\/medicina.utalca.cl\/wp-content\/uploads\/2022\/08\/OLGA_MOLINA-250x300.jpg 250w, https:\/\/medicina.utalca.cl\/wp-content\/uploads\/2022\/08\/OLGA_MOLINA-853x1024.jpg 853w, https:\/\/medicina.utalca.cl\/wp-content\/uploads\/2022\/08\/OLGA_MOLINA-768x922.jpg 768w, https:\/\/medicina.utalca.cl\/wp-content\/uploads\/2022\/08\/OLGA_MOLINA-1280x1536.jpg 1280w, https:\/\/medicina.utalca.cl\/wp-content\/uploads\/2022\/08\/OLGA_MOLINA-1706x2048.jpg 1706w\" sizes=\"(max-width: 250px) 100vw, 250px\" \/><\/div><div style=\"padding: 10px; float: left; max-width: 45%;\"><p class=\"texto_negro1\"><strong>Olga Mireya Molina Cabeza<\/strong><br \/>M\u00e9dico Cirujano<br \/>Especialidad en Pediatr\u00eda<\/p><p class=\"texto_negro1\"><strong>Jerarqu\u00eda:<\/strong><br \/>Conferenciante<\/p><p class=\"texto_negro1\"><strong>Cursos:<\/strong><br \/>Pediatr\u00eda<br \/>Internado de Pediatr\u00eda<\/p><p class=\"texto_negro1\"><strong>Email:<\/strong><br \/>omolina@utalca.cl<\/p><\/div><\/div>\n\t\t\t\t<\/div>\n\t\t\t\t\t\t\t<div class=\"elementor-accordion-item\">\n\t\t\t\t\t<div id=\"elementor-tab-title-26020\" class=\"elementor-tab-title\" data-tab=\"20\" role=\"button\" aria-controls=\"elementor-tab-content-26020\" aria-expanded=\"false\">\n\t\t\t\t\t\t\t\t\t\t\t\t\t<span class=\"elementor-accordion-icon elementor-accordion-icon-right\" aria-hidden=\"true\">\n\t\t\t\t\t\t\t\t\t\t\t\t\t\t\t<span class=\"elementor-accordion-icon-closed\"><i class=\"fas fa-caret-down\"><\/i><\/span>\n\t\t\t\t\t\t\t\t<span class=\"elementor-accordion-icon-opened\"><i class=\"fas fa-caret-up\"><\/i><\/span>\n\t\t\t\t\t\t\t\t\t\t\t\t\t\t<\/span>\n\t\t\t\t\t\t\t\t\t\t\t\t<a class=\"elementor-accordion-title\" tabindex=\"0\">Arnaldo Eduardo P\u00e9rez Rebolledo<\/a>\n\t\t\t\t\t<\/div>\n\t\t\t\t\t<div id=\"elementor-tab-content-26020\" class=\"elementor-tab-content elementor-clearfix\" data-tab=\"20\" role=\"region\" aria-labelledby=\"elementor-tab-title-26020\"><div style=\"padding: 10px; float: left; max-width: 45%; text-align: justify; font-size: 20px;\"><img loading=\"lazy\" decoding=\"async\" class=\"alignnone size-medium wp-image-25227\" src=\"https:\/\/medicina.utalca.cl\/wp-content\/uploads\/2022\/08\/ARNALDO_PEREZ-250x300.jpg\" alt=\"\" width=\"250\" height=\"300\" srcset=\"https:\/\/medicina.utalca.cl\/wp-content\/uploads\/2022\/08\/ARNALDO_PEREZ-250x300.jpg 250w, https:\/\/medicina.utalca.cl\/wp-content\/uploads\/2022\/08\/ARNALDO_PEREZ-852x1024.jpg 852w, https:\/\/medicina.utalca.cl\/wp-content\/uploads\/2022\/08\/ARNALDO_PEREZ-768x923.jpg 768w, https:\/\/medicina.utalca.cl\/wp-content\/uploads\/2022\/08\/ARNALDO_PEREZ-1279x1536.jpg 1279w, https:\/\/medicina.utalca.cl\/wp-content\/uploads\/2022\/08\/ARNALDO_PEREZ-1705x2048.jpg 1705w\" sizes=\"(max-width: 250px) 100vw, 250px\" \/><\/div><div style=\"padding: 10px; float: left; max-width: 45%;\"><p><strong>Arnaldo Eduardo P\u00e9rez Rebolledo<\/strong><br \/>M\u00e9dico Cirujano<br \/>Especialidad Anestesista<\/p><p><strong>Jerarqu\u00eda:<\/strong><br \/>Conferenciante<\/p><p><strong>Cursos:<\/strong><br \/>Medicinas Complementarias<br \/>Cirug\u00eda<br \/>Especialidades M\u00e9dicas II<br \/>Manejo del dolor<br \/>Cuidados paliativos<\/p><p><strong>Email:<\/strong><br \/>arperez@utalca.cl<\/p><\/div><\/div>\n\t\t\t\t<\/div>\n\t\t\t\t\t\t\t<div class=\"elementor-accordion-item\">\n\t\t\t\t\t<div id=\"elementor-tab-title-26021\" class=\"elementor-tab-title\" data-tab=\"21\" role=\"button\" aria-controls=\"elementor-tab-content-26021\" aria-expanded=\"false\">\n\t\t\t\t\t\t\t\t\t\t\t\t\t<span class=\"elementor-accordion-icon elementor-accordion-icon-right\" aria-hidden=\"true\">\n\t\t\t\t\t\t\t\t\t\t\t\t\t\t\t<span class=\"elementor-accordion-icon-closed\"><i class=\"fas fa-caret-down\"><\/i><\/span>\n\t\t\t\t\t\t\t\t<span class=\"elementor-accordion-icon-opened\"><i class=\"fas fa-caret-up\"><\/i><\/span>\n\t\t\t\t\t\t\t\t\t\t\t\t\t\t<\/span>\n\t\t\t\t\t\t\t\t\t\t\t\t<a class=\"elementor-accordion-title\" tabindex=\"0\">Paula Peters P\u00e9rez<\/a>\n\t\t\t\t\t<\/div>\n\t\t\t\t\t<div id=\"elementor-tab-content-26021\" class=\"elementor-tab-content elementor-clearfix\" data-tab=\"21\" role=\"region\" aria-labelledby=\"elementor-tab-title-26021\"><div style=\"padding: 10px; float: left; max-width: 45%; text-align: justify; font-size: 20px;\"><img loading=\"lazy\" decoding=\"async\" class=\"alignnone size-full wp-image-25160\" src=\"https:\/\/medicina.utalca.cl\/wp-content\/uploads\/2022\/08\/ac_generico.jpg\" alt=\"\" width=\"274\" height=\"274\" srcset=\"https:\/\/medicina.utalca.cl\/wp-content\/uploads\/2022\/08\/ac_generico.jpg 274w, https:\/\/medicina.utalca.cl\/wp-content\/uploads\/2022\/08\/ac_generico-150x150.jpg 150w\" sizes=\"(max-width: 274px) 100vw, 274px\" \/><\/div><div style=\"padding: 10px; float: left; max-width: 45%;\"><p><strong>Paula Peters P\u00e9rez<\/strong><\/p><p><strong>Cursos:<\/strong><\/p><p>Psiquiatr\u00eda, Psicopatolog\u00eda y Psicolog\u00eda M\u00e9dica<\/p><p><strong>Email:<\/strong><br \/>paula.peters@utalca.cl<\/p><\/div><\/div>\n\t\t\t\t<\/div>\n\t\t\t\t\t\t\t<div class=\"elementor-accordion-item\">\n\t\t\t\t\t<div id=\"elementor-tab-title-26022\" class=\"elementor-tab-title\" data-tab=\"22\" role=\"button\" aria-controls=\"elementor-tab-content-26022\" aria-expanded=\"false\">\n\t\t\t\t\t\t\t\t\t\t\t\t\t<span class=\"elementor-accordion-icon elementor-accordion-icon-right\" aria-hidden=\"true\">\n\t\t\t\t\t\t\t\t\t\t\t\t\t\t\t<span class=\"elementor-accordion-icon-closed\"><i class=\"fas fa-caret-down\"><\/i><\/span>\n\t\t\t\t\t\t\t\t<span class=\"elementor-accordion-icon-opened\"><i class=\"fas fa-caret-up\"><\/i><\/span>\n\t\t\t\t\t\t\t\t\t\t\t\t\t\t<\/span>\n\t\t\t\t\t\t\t\t\t\t\t\t<a class=\"elementor-accordion-title\" tabindex=\"0\">Roberto Tapia Riepel<\/a>\n\t\t\t\t\t<\/div>\n\t\t\t\t\t<div id=\"elementor-tab-content-26022\" class=\"elementor-tab-content elementor-clearfix\" data-tab=\"22\" role=\"region\" aria-labelledby=\"elementor-tab-title-26022\"><div style=\"padding: 10px; float: left; max-width: 45%; text-align: justify; font-size: 20px;\"><img loading=\"lazy\" decoding=\"async\" class=\"alignnone wp-image-25160 size-full\" src=\"https:\/\/medicina.utalca.cl\/wp-content\/uploads\/2022\/08\/ac_generico.jpg\" alt=\"\" width=\"274\" height=\"274\" srcset=\"https:\/\/medicina.utalca.cl\/wp-content\/uploads\/2022\/08\/ac_generico.jpg 274w, https:\/\/medicina.utalca.cl\/wp-content\/uploads\/2022\/08\/ac_generico-150x150.jpg 150w\" sizes=\"(max-width: 274px) 100vw, 274px\" \/><\/div><div style=\"padding: 10px; float: left; max-width: 45%;\"><p class=\"texto_negro1\"><strong>Roberto Tapia Riepel<\/strong><br \/>M\u00e9dico Cirujano<br \/>Especialidad Cirug\u00eda General<br \/>Especialidad Cirug\u00eda Vascular<\/p><p class=\"texto_negro1\"><strong>Jerarqu\u00eda:<\/strong><br \/>Conferenciante<\/p><p class=\"texto_negro1\"><strong>Cursos:<\/strong><br \/>Cirug\u00eda<br \/>Taller de anatom\u00eda cl\u00ednica<br \/>Precl\u00ednicos integrados<\/p><p class=\"texto_negro1\"><strong>Email:<\/strong><br \/>rotapia@utalca.cl<\/p><\/div><\/div>\n\t\t\t\t<\/div>\n\t\t\t\t\t\t\t<div class=\"elementor-accordion-item\">\n\t\t\t\t\t<div id=\"elementor-tab-title-26023\" class=\"elementor-tab-title\" data-tab=\"23\" role=\"button\" aria-controls=\"elementor-tab-content-26023\" aria-expanded=\"false\">\n\t\t\t\t\t\t\t\t\t\t\t\t\t<span class=\"elementor-accordion-icon elementor-accordion-icon-right\" aria-hidden=\"true\">\n\t\t\t\t\t\t\t\t\t\t\t\t\t\t\t<span class=\"elementor-accordion-icon-closed\"><i class=\"fas fa-caret-down\"><\/i><\/span>\n\t\t\t\t\t\t\t\t<span class=\"elementor-accordion-icon-opened\"><i class=\"fas fa-caret-up\"><\/i><\/span>\n\t\t\t\t\t\t\t\t\t\t\t\t\t\t<\/span>\n\t\t\t\t\t\t\t\t\t\t\t\t<a class=\"elementor-accordion-title\" tabindex=\"0\">\u00c9rick Gonzalo Trujillo Hern\u00e1ndez<\/a>\n\t\t\t\t\t<\/div>\n\t\t\t\t\t<div id=\"elementor-tab-content-26023\" class=\"elementor-tab-content elementor-clearfix\" data-tab=\"23\" role=\"region\" aria-labelledby=\"elementor-tab-title-26023\"><div style=\"padding: 10px; float: left; max-width: 45%; text-align: justify; font-size: 20px;\"><img loading=\"lazy\" decoding=\"async\" src=\"https:\/\/medicina.utalca.cl\/wp-content\/uploads\/2022\/08\/ERICK_TRUJILLO-239x300.jpg\" alt=\"\" width=\"239\" height=\"300\" \/><\/div><div style=\"padding: 10px; float: left; max-width: 45%;\"><p><strong>\u00c9rick Gonzalo Trujillo Hern\u00e1ndez<\/strong><\/p><p>Magister en Ciencias, Menci\u00f3n en Morfolog\u00eda.<br \/>Especialidad en Neuroanatom\u00eda<br \/>Diplomado en Ciencias Forenses.<br \/>Diplomado en Educaci\u00f3n Basada en Competencias.<\/p><p><strong>Jerarqu\u00eda:<\/strong><\/p><p>Conferenciante<\/p><p><strong>Cursos:<\/strong><\/p><p>MIC I <br \/>Neuroanatom\u00eda<br \/>Neurociencias<br \/>Taller de Anatom\u00eda Cl\u00ednica<\/p><p><strong>Email:<\/strong><\/p><p>etrujillo@utalca.cl<\/p><p><strong>Publicaciones:<\/strong><\/p><p><a href=\"https:\/\/medicina.utalca.cl\/?page_id=25928\" target=\"_blank\" rel=\"noopener\">VER<\/a><\/p><\/div><\/div>\n\t\t\t\t<\/div>\n\t\t\t\t\t\t\t<div class=\"elementor-accordion-item\">\n\t\t\t\t\t<div id=\"elementor-tab-title-26024\" class=\"elementor-tab-title\" data-tab=\"24\" role=\"button\" aria-controls=\"elementor-tab-content-26024\" aria-expanded=\"false\">\n\t\t\t\t\t\t\t\t\t\t\t\t\t<span class=\"elementor-accordion-icon elementor-accordion-icon-right\" aria-hidden=\"true\">\n\t\t\t\t\t\t\t\t\t\t\t\t\t\t\t<span class=\"elementor-accordion-icon-closed\"><i class=\"fas fa-caret-down\"><\/i><\/span>\n\t\t\t\t\t\t\t\t<span class=\"elementor-accordion-icon-opened\"><i class=\"fas fa-caret-up\"><\/i><\/span>\n\t\t\t\t\t\t\t\t\t\t\t\t\t\t<\/span>\n\t\t\t\t\t\t\t\t\t\t\t\t<a class=\"elementor-accordion-title\" tabindex=\"0\">Claudio Andr\u00e9s Valenzuela Cabezas<\/a>\n\t\t\t\t\t<\/div>\n\t\t\t\t\t<div id=\"elementor-tab-content-26024\" class=\"elementor-tab-content elementor-clearfix\" data-tab=\"24\" role=\"region\" aria-labelledby=\"elementor-tab-title-26024\"><div style=\"padding: 10px; float: left; max-width: 45%; text-align: justify; font-size: 20px;\"><img loading=\"lazy\" decoding=\"async\" class=\"alignnone size-medium wp-image-25262\" src=\"https:\/\/medicina.utalca.cl\/wp-content\/uploads\/2022\/08\/CLAUDIO_VALENZUELA-250x300.jpg\" alt=\"\" width=\"250\" height=\"300\" srcset=\"https:\/\/medicina.utalca.cl\/wp-content\/uploads\/2022\/08\/CLAUDIO_VALENZUELA-250x300.jpg 250w, https:\/\/medicina.utalca.cl\/wp-content\/uploads\/2022\/08\/CLAUDIO_VALENZUELA-853x1024.jpg 853w, https:\/\/medicina.utalca.cl\/wp-content\/uploads\/2022\/08\/CLAUDIO_VALENZUELA-768x922.jpg 768w, https:\/\/medicina.utalca.cl\/wp-content\/uploads\/2022\/08\/CLAUDIO_VALENZUELA-1280x1536.jpg 1280w, https:\/\/medicina.utalca.cl\/wp-content\/uploads\/2022\/08\/CLAUDIO_VALENZUELA-1706x2048.jpg 1706w\" sizes=\"(max-width: 250px) 100vw, 250px\" \/><\/div><div style=\"padding: 10px; float: left; max-width: 45%;\"><p><strong>Claudio Andr\u00e9s Valenzuela Cabezas<\/strong><br \/>Biologo<br \/>Doctor en Ciencias, Menci\u00f3n Ingenier\u00eda Gen\u00e9tica Vegetal<\/p><p><strong>Jerarqu\u00eda:<\/strong><br \/>Conferenciante<\/p><p><strong>Cursos:<\/strong><\/p><p>Patolog\u00eda Integrada I y II<br \/>Investigaci\u00f3n I y II<br \/>Oncolog\u00eda<\/p><p><strong>Email:<\/strong><br \/>cvalenzuela@utalca.cl<\/p><p><strong>Publicaciones:<\/strong><\/p><p><a href=\"https:\/\/medicina.utalca.cl\/?page_id=25909\" target=\"_blank\" rel=\"noopener\">VER<\/a><\/p><\/div><\/div>\n\t\t\t\t<\/div>\n\t\t\t\t\t\t\t<div class=\"elementor-accordion-item\">\n\t\t\t\t\t<div id=\"elementor-tab-title-26025\" class=\"elementor-tab-title\" data-tab=\"25\" role=\"button\" aria-controls=\"elementor-tab-content-26025\" aria-expanded=\"false\">\n\t\t\t\t\t\t\t\t\t\t\t\t\t<span class=\"elementor-accordion-icon elementor-accordion-icon-right\" aria-hidden=\"true\">\n\t\t\t\t\t\t\t\t\t\t\t\t\t\t\t<span class=\"elementor-accordion-icon-closed\"><i class=\"fas fa-caret-down\"><\/i><\/span>\n\t\t\t\t\t\t\t\t<span class=\"elementor-accordion-icon-opened\"><i class=\"fas fa-caret-up\"><\/i><\/span>\n\t\t\t\t\t\t\t\t\t\t\t\t\t\t<\/span>\n\t\t\t\t\t\t\t\t\t\t\t\t<a class=\"elementor-accordion-title\" tabindex=\"0\">Harriet Evelyn Vitali Gonz\u00e1lez<\/a>\n\t\t\t\t\t<\/div>\n\t\t\t\t\t<div id=\"elementor-tab-content-26025\" class=\"elementor-tab-content elementor-clearfix\" data-tab=\"25\" role=\"region\" aria-labelledby=\"elementor-tab-title-26025\"><div style=\"padding: 10px; float: left; max-width: 45%; text-align: justify; font-size: 20px;\"><img loading=\"lazy\" decoding=\"async\" class=\"alignnone wp-image-25160 size-full\" src=\"https:\/\/medicina.utalca.cl\/wp-content\/uploads\/2022\/08\/ac_generico.jpg\" alt=\"\" width=\"274\" height=\"274\" srcset=\"https:\/\/medicina.utalca.cl\/wp-content\/uploads\/2022\/08\/ac_generico.jpg 274w, https:\/\/medicina.utalca.cl\/wp-content\/uploads\/2022\/08\/ac_generico-150x150.jpg 150w\" sizes=\"(max-width: 274px) 100vw, 274px\" \/><\/div><div style=\"padding: 10px; float: left; max-width: 45%;\"><p class=\"texto_negro1\"><strong>Harriet Evelyn Vitali Gonz\u00e1lez<\/strong><br \/>M\u00e9dico Cirujano<br \/>Especialidad en Ginecolog\u00eda<\/p><p class=\"texto_negro1\"><strong>Jerarqu\u00eda:<\/strong><br \/>Conferenciante<\/p><p class=\"texto_negro1\"><strong>Cursos:<\/strong><br \/>Internado en Ginecolog\u00eda<\/p><p class=\"texto_negro1\"><strong>Email:<\/strong><br \/>hvitali@utalca.cl<\/p><\/div><\/div>\n\t\t\t\t<\/div>\n\t\t\t\t\t\t\t<div class=\"elementor-accordion-item\">\n\t\t\t\t\t<div id=\"elementor-tab-title-26026\" class=\"elementor-tab-title\" data-tab=\"26\" role=\"button\" aria-controls=\"elementor-tab-content-26026\" aria-expanded=\"false\">\n\t\t\t\t\t\t\t\t\t\t\t\t\t<span class=\"elementor-accordion-icon elementor-accordion-icon-right\" aria-hidden=\"true\">\n\t\t\t\t\t\t\t\t\t\t\t\t\t\t\t<span class=\"elementor-accordion-icon-closed\"><i class=\"fas fa-caret-down\"><\/i><\/span>\n\t\t\t\t\t\t\t\t<span class=\"elementor-accordion-icon-opened\"><i class=\"fas fa-caret-up\"><\/i><\/span>\n\t\t\t\t\t\t\t\t\t\t\t\t\t\t<\/span>\n\t\t\t\t\t\t\t\t\t\t\t\t<a class=\"elementor-accordion-title\" tabindex=\"0\">Ver\u00f3nica Eliana Vitriol Gaysinsky<\/a>\n\t\t\t\t\t<\/div>\n\t\t\t\t\t<div id=\"elementor-tab-content-26026\" class=\"elementor-tab-content elementor-clearfix\" data-tab=\"26\" role=\"region\" aria-labelledby=\"elementor-tab-title-26026\"><div style=\"padding: 10px; float: left; max-width: 45%; text-align: justify; font-size: 20px;\"><img loading=\"lazy\" decoding=\"async\" class=\"alignnone wp-image-25247 size-medium\" src=\"https:\/\/medicina.utalca.cl\/wp-content\/uploads\/2022\/08\/VERONICA_VITRIOL-249x300.jpg\" alt=\"\" width=\"249\" height=\"300\" srcset=\"https:\/\/medicina.utalca.cl\/wp-content\/uploads\/2022\/08\/VERONICA_VITRIOL-249x300.jpg 249w, https:\/\/medicina.utalca.cl\/wp-content\/uploads\/2022\/08\/VERONICA_VITRIOL-852x1024.jpg 852w, https:\/\/medicina.utalca.cl\/wp-content\/uploads\/2022\/08\/VERONICA_VITRIOL-768x924.jpg 768w, https:\/\/medicina.utalca.cl\/wp-content\/uploads\/2022\/08\/VERONICA_VITRIOL-1277x1536.jpg 1277w, https:\/\/medicina.utalca.cl\/wp-content\/uploads\/2022\/08\/VERONICA_VITRIOL-1703x2048.jpg 1703w\" sizes=\"(max-width: 249px) 100vw, 249px\" \/><\/div><div style=\"padding: 10px; float: left; max-width: 45%;\"><p class=\"texto_negro1\"><strong>Ver\u00f3nica Eliana Vitriol Gaysinsky<\/strong><br \/>M\u00e9dico Cirujano<br \/>Especialidad Psiquiatr\u00eda<\/p><p class=\"texto_negro1\"><strong>Jerarqu\u00eda:<\/strong><br \/>Conferenciante<\/p><p class=\"texto_negro1\"><strong>Cursos:<\/strong><br \/>Internado en Salud Mental<br \/>Psiquiatr\u00eda<br \/>Psicolog\u00eda M\u00e9dica<\/p><p><strong>Publicaciones:<\/strong><\/p><p><a href=\"https:\/\/medicina.utalca.cl\/?page_id=26503\" target=\"_blank\" rel=\"noopener\">VER<\/a><\/p><p class=\"texto_negro1\"><strong>Email:<\/strong><br \/>vvitriol@utalca.cl<\/p><\/div><\/div>\n\t\t\t\t<\/div>\n\t\t\t\t\t\t\t<div class=\"elementor-accordion-item\">\n\t\t\t\t\t<div id=\"elementor-tab-title-26027\" class=\"elementor-tab-title\" data-tab=\"27\" role=\"button\" aria-controls=\"elementor-tab-content-26027\" aria-expanded=\"false\">\n\t\t\t\t\t\t\t\t\t\t\t\t\t<span class=\"elementor-accordion-icon elementor-accordion-icon-right\" aria-hidden=\"true\">\n\t\t\t\t\t\t\t\t\t\t\t\t\t\t\t<span class=\"elementor-accordion-icon-closed\"><i class=\"fas fa-caret-down\"><\/i><\/span>\n\t\t\t\t\t\t\t\t<span class=\"elementor-accordion-icon-opened\"><i class=\"fas fa-caret-up\"><\/i><\/span>\n\t\t\t\t\t\t\t\t\t\t\t\t\t\t<\/span>\n\t\t\t\t\t\t\t\t\t\t\t\t<a class=\"elementor-accordion-title\" tabindex=\"0\">Leandro Antonio Z\u00fa\u00f1iga Hormazabal<\/a>\n\t\t\t\t\t<\/div>\n\t\t\t\t\t<div id=\"elementor-tab-content-26027\" class=\"elementor-tab-content elementor-clearfix\" data-tab=\"27\" role=\"region\" aria-labelledby=\"elementor-tab-title-26027\"><div style=\"padding: 10px; float: left; max-width: 45%; text-align: justify; font-size: 20px;\"><img loading=\"lazy\" decoding=\"async\" class=\"alignnone wp-image-26139 size-medium\" src=\"https:\/\/medicina.utalca.cl\/wp-content\/uploads\/2023\/09\/WhatsApp-Image-2023-09-05-at-16.01.04-1-288x300.jpeg\" alt=\"\" width=\"288\" height=\"300\" srcset=\"https:\/\/medicina.utalca.cl\/wp-content\/uploads\/2023\/09\/WhatsApp-Image-2023-09-05-at-16.01.04-1-288x300.jpeg 288w, https:\/\/medicina.utalca.cl\/wp-content\/uploads\/2023\/09\/WhatsApp-Image-2023-09-05-at-16.01.04-1.jpeg 764w\" sizes=\"(max-width: 288px) 100vw, 288px\" \/><\/div><div style=\"padding: 10px; float: left; max-width: 45%;\"><p class=\"texto_negro1\"><strong>Leandro Antonio Z\u00fa\u00f1iga Hormazabal<\/strong><br \/>Bioqu\u00edmico<br \/>Dotorado en Ciencias Biom\u00e9dicas<\/p><p class=\"texto_negro1\"><strong>Jerarqu\u00eda:<\/strong><br \/>Profesor Asociado<\/p><p class=\"texto_negro1\"><strong>Cursos:<\/strong><br \/>Farmacolog\u00eda Cl\u00ednica<br \/>Farmacolog\u00eda General<br \/>Neurociencias<\/p><p class=\"texto_negro1\"><strong>Email:<\/strong><br \/>lzuniga@utalca.cl<\/p><p><strong>Productividad Cient\u00edfica:<br \/><\/strong><a href=\"https:\/\/medicina.utalca.cl\/?page_id=25963\" target=\"_blank\" rel=\"noopener\">VER<\/a><\/p><\/div><\/div>\n\t\t\t\t<\/div>\n\t\t\t\t\t\t\t<div class=\"elementor-accordion-item\">\n\t\t\t\t\t<div id=\"elementor-tab-title-26028\" class=\"elementor-tab-title\" data-tab=\"28\" role=\"button\" aria-controls=\"elementor-tab-content-26028\" aria-expanded=\"false\">\n\t\t\t\t\t\t\t\t\t\t\t\t\t<span class=\"elementor-accordion-icon elementor-accordion-icon-right\" aria-hidden=\"true\">\n\t\t\t\t\t\t\t\t\t\t\t\t\t\t\t<span class=\"elementor-accordion-icon-closed\"><i class=\"fas fa-caret-down\"><\/i><\/span>\n\t\t\t\t\t\t\t\t<span class=\"elementor-accordion-icon-opened\"><i class=\"fas fa-caret-up\"><\/i><\/span>\n\t\t\t\t\t\t\t\t\t\t\t\t\t\t<\/span>\n\t\t\t\t\t\t\t\t\t\t\t\t<a class=\"elementor-accordion-title\" tabindex=\"0\">Francisco Federico Z\u00fa\u00f1iga Reyes<\/a>\n\t\t\t\t\t<\/div>\n\t\t\t\t\t<div id=\"elementor-tab-content-26028\" class=\"elementor-tab-content elementor-clearfix\" data-tab=\"28\" role=\"region\" aria-labelledby=\"elementor-tab-title-26028\"><div style=\"padding: 10px; float: left; max-width: 45%; text-align: justify; font-size: 20px;\"><img loading=\"lazy\" decoding=\"async\" class=\"alignnone wp-image-25160 size-full\" src=\"https:\/\/medicina.utalca.cl\/wp-content\/uploads\/2022\/08\/ac_generico.jpg\" alt=\"\" width=\"274\" height=\"274\" srcset=\"https:\/\/medicina.utalca.cl\/wp-content\/uploads\/2022\/08\/ac_generico.jpg 274w, https:\/\/medicina.utalca.cl\/wp-content\/uploads\/2022\/08\/ac_generico-150x150.jpg 150w\" sizes=\"(max-width: 274px) 100vw, 274px\" \/><\/div><div style=\"padding: 10px; float: left; max-width: 45%;\"><p class=\"texto_negro1\"><strong>Francisco Federico Z\u00fa\u00f1iga Reyes<\/strong><br \/>M\u00e9dico Cirujano<br \/>Especialidad de Cirug\u00eda<\/p><p class=\"texto_negro1\"><strong>Jerarqu\u00eda:<\/strong><br \/>Conferenciante<\/p><p class=\"texto_negro1\"><strong>Cursos:<\/strong><br \/>Internado de Cirug\u00eda<\/p><p class=\"texto_negro1\"><strong>Email:<\/strong><br \/>fzuniga@utalca.cl<\/p><\/div><\/div>\n\t\t\t\t<\/div>\n\t\t\t\t\t\t\t\t<\/div>\n\t\t\t\t\t\t<\/div>\n\t\t\t\t<\/div>\n\t\t\t\t\t<\/div>\n\t\t<\/div>\n\t\t\t\t\t<\/div>\n\t\t<\/section>\n\t\t\t\t<\/div>\n\t\t","protected":false},"excerpt":{"rendered":"<p>Acad\u00e9micos Cristian Vilos Ortiz Cristian Vilos Ortiz Decano Facultad de Medicina Tecn\u00f3logo M\u00e9dicoDiplomado en Estrategia y Control de Gesti\u00f3nDiplomado en Educaci\u00f3n Basada en CompetenciasDoctor en Biotecnolog\u00edaPostdoctorado en Nanomedicina y Liberaci\u00f3n de F\u00e1rmacos Email:cristian.vilos@utalca.cl Sitio web: http:\/\/www.viloslab.com Cursos: Laboratorio Cl\u00ednicoFarmacolog\u00eda Cl\u00ednicaMetodolog\u00eda de la Investigaci\u00f3n (Postgrado)Nanomedicina (Electivo) Publicaciones: VER Jenaro Garc\u00eda-Huidobro Prieto Jenaro Garc\u00eda-Huidobro Prieto Secretario Facultad [&hellip;]<\/p>\n","protected":false},"author":1,"featured_media":0,"parent":0,"menu_order":0,"comment_status":"closed","ping_status":"closed","template":"","meta":{"site-sidebar-layout":"default","site-content-layout":"","ast-site-content-layout":"default","site-content-style":"default","site-sidebar-style":"default","ast-global-header-display":"","ast-banner-title-visibility":"","ast-main-header-display":"","ast-hfb-above-header-display":"","ast-hfb-below-header-display":"","ast-hfb-mobile-header-display":"","site-post-title":"disabled","ast-breadcrumbs-content":"","ast-featured-img":"","footer-sml-layout":"","theme-transparent-header-meta":"","adv-header-id-meta":"","stick-header-meta":"","header-above-stick-meta":"","header-main-stick-meta":"","header-below-stick-meta":"","astra-migrate-meta-layouts":"default","ast-page-background-enabled":"default","ast-page-background-meta":{"desktop":{"background-color":"","background-image":"","background-repeat":"repeat","background-position":"center center","background-size":"auto","background-attachment":"scroll","background-type":"","background-media":"","overlay-type":"","overlay-color":"","overlay-opacity":"","overlay-gradient":""},"tablet":{"background-color":"","background-image":"","background-repeat":"repeat","background-position":"center center","background-size":"auto","background-attachment":"scroll","background-type":"","background-media":"","overlay-type":"","overlay-color":"","overlay-opacity":"","overlay-gradient":""},"mobile":{"background-color":"","background-image":"","background-repeat":"repeat","background-position":"center center","background-size":"auto","background-attachment":"scroll","background-type":"","background-media":"","overlay-type":"","overlay-color":"","overlay-opacity":"","overlay-gradient":""}},"ast-content-background-meta":{"desktop":{"background-color":"var(--ast-global-color-5)","background-image":"","background-repeat":"repeat","background-position":"center center","background-size":"auto","background-attachment":"scroll","background-type":"","background-media":"","overlay-type":"","overlay-color":"","overlay-opacity":"","overlay-gradient":""},"tablet":{"background-color":"var(--ast-global-color-5)","background-image":"","background-repeat":"repeat","background-position":"center center","background-size":"auto","background-attachment":"scroll","background-type":"","background-media":"","overlay-type":"","overlay-color":"","overlay-opacity":"","overlay-gradient":""},"mobile":{"background-color":"var(--ast-global-color-5)","background-image":"","background-repeat":"repeat","background-position":"center center","background-size":"auto","background-attachment":"scroll","background-type":"","background-media":"","overlay-type":"","overlay-color":"","overlay-opacity":"","overlay-gradient":""}},"footnotes":""},"class_list":["post-25165","page","type-page","status-publish","hentry"],"_links":{"self":[{"href":"https:\/\/medicina.utalca.cl\/index.php?rest_route=\/wp\/v2\/pages\/25165","targetHints":{"allow":["GET"]}}],"collection":[{"href":"https:\/\/medicina.utalca.cl\/index.php?rest_route=\/wp\/v2\/pages"}],"about":[{"href":"https:\/\/medicina.utalca.cl\/index.php?rest_route=\/wp\/v2\/types\/page"}],"author":[{"embeddable":true,"href":"https:\/\/medicina.utalca.cl\/index.php?rest_route=\/wp\/v2\/users\/1"}],"replies":[{"embeddable":true,"href":"https:\/\/medicina.utalca.cl\/index.php?rest_route=%2Fwp%2Fv2%2Fcomments&post=25165"}],"version-history":[{"count":428,"href":"https:\/\/medicina.utalca.cl\/index.php?rest_route=\/wp\/v2\/pages\/25165\/revisions"}],"predecessor-version":[{"id":26675,"href":"https:\/\/medicina.utalca.cl\/index.php?rest_route=\/wp\/v2\/pages\/25165\/revisions\/26675"}],"wp:attachment":[{"href":"https:\/\/medicina.utalca.cl\/index.php?rest_route=%2Fwp%2Fv2%2Fmedia&parent=25165"}],"curies":[{"name":"wp","href":"https:\/\/api.w.org\/{rel}","templated":true}]}}