{"id":25323,"date":"2022-08-12T10:11:29","date_gmt":"2022-08-12T13:11:29","guid":{"rendered":"https:\/\/medicina.utalca.cl\/?page_id=25323"},"modified":"2022-08-12T10:15:23","modified_gmt":"2022-08-12T13:15:23","slug":"noticias","status":"publish","type":"page","link":"https:\/\/medicina.utalca.cl\/?page_id=25323","title":{"rendered":"Noticias"},"content":{"rendered":"\t\t<div data-elementor-type=\"wp-page\" data-elementor-id=\"25323\" class=\"elementor elementor-25323\" data-elementor-post-type=\"page\">\n\t\t\t\t\t\t<section class=\"elementor-section elementor-top-section elementor-element elementor-element-737d8c2d elementor-section-boxed elementor-section-height-default elementor-section-height-default\" data-id=\"737d8c2d\" data-element_type=\"section\">\n\t\t\t\t\t\t<div class=\"elementor-container elementor-column-gap-default\">\n\t\t\t\t\t<div class=\"elementor-column elementor-col-100 elementor-top-column elementor-element elementor-element-b40505c\" data-id=\"b40505c\" data-element_type=\"column\">\n\t\t\t<div class=\"elementor-widget-wrap elementor-element-populated\">\n\t\t\t\t\t\t<div class=\"elementor-element elementor-element-f53e08e elementor-widget elementor-widget-heading\" data-id=\"f53e08e\" data-element_type=\"widget\" data-widget_type=\"heading.default\">\n\t\t\t\t<div class=\"elementor-widget-container\">\n\t\t\t\t\t<h2 class=\"elementor-heading-title elementor-size-default\">Noticias<\/h2>\t\t\t\t<\/div>\n\t\t\t\t<\/div>\n\t\t\t\t<div class=\"elementor-element elementor-element-8e3b4c2 elementor-widget elementor-widget-spacer\" data-id=\"8e3b4c2\" data-element_type=\"widget\" data-widget_type=\"spacer.default\">\n\t\t\t\t<div class=\"elementor-widget-container\">\n\t\t\t\t\t\t\t<div class=\"elementor-spacer\">\n\t\t\t<div class=\"elementor-spacer-inner\"><\/div>\n\t\t<\/div>\n\t\t\t\t\t\t<\/div>\n\t\t\t\t<\/div>\n\t\t\t\t<div class=\"elementor-element elementor-element-16fc804 elementor-grid-3 elementor-grid-tablet-2 elementor-grid-mobile-1 elementor-posts--thumbnail-top elementor-widget elementor-widget-posts\" data-id=\"16fc804\" data-element_type=\"widget\" data-settings=\"{&quot;classic_columns&quot;:&quot;3&quot;,&quot;classic_columns_tablet&quot;:&quot;2&quot;,&quot;classic_columns_mobile&quot;:&quot;1&quot;,&quot;classic_row_gap&quot;:{&quot;unit&quot;:&quot;px&quot;,&quot;size&quot;:35,&quot;sizes&quot;:[]},&quot;classic_row_gap_tablet&quot;:{&quot;unit&quot;:&quot;px&quot;,&quot;size&quot;:&quot;&quot;,&quot;sizes&quot;:[]},&quot;classic_row_gap_mobile&quot;:{&quot;unit&quot;:&quot;px&quot;,&quot;size&quot;:&quot;&quot;,&quot;sizes&quot;:[]}}\" data-widget_type=\"posts.classic\">\n\t\t\t\t<div class=\"elementor-widget-container\">\n\t\t\t\t\t\t\t<div class=\"elementor-posts-container elementor-posts elementor-posts--skin-classic elementor-grid\" role=\"list\">\n\t\t\t\t<article class=\"elementor-post elementor-grid-item post-26518 post type-post status-publish format-standard has-post-thumbnail hentry category-sin-categoria\" role=\"listitem\">\n\t\t\t\t<a class=\"elementor-post__thumbnail__link\" href=\"https:\/\/medicina.utalca.cl\/?p=26518\" tabindex=\"-1\" >\n\t\t\t<div class=\"elementor-post__thumbnail\"><img fetchpriority=\"high\" decoding=\"async\" width=\"1024\" height=\"819\" src=\"https:\/\/medicina.utalca.cl\/wp-content\/uploads\/2025\/01\/salas-espejo-1024x819.jpg\" class=\"attachment-large size-large wp-image-26520\" alt=\"\" srcset=\"https:\/\/medicina.utalca.cl\/wp-content\/uploads\/2025\/01\/salas-espejo-1024x819.jpg 1024w, https:\/\/medicina.utalca.cl\/wp-content\/uploads\/2025\/01\/salas-espejo-300x240.jpg 300w, https:\/\/medicina.utalca.cl\/wp-content\/uploads\/2025\/01\/salas-espejo-768x614.jpg 768w, https:\/\/medicina.utalca.cl\/wp-content\/uploads\/2025\/01\/salas-espejo.jpg 1280w\" sizes=\"(max-width: 1024px) 100vw, 1024px\" \/><\/div>\n\t\t<\/a>\n\t\t\t\t<div class=\"elementor-post__text\">\n\t\t\t\t<h3 class=\"elementor-post__title\">\n\t\t\t<a href=\"https:\/\/medicina.utalca.cl\/?p=26518\" >\n\t\t\t\tEquipamiento fortalecer\u00e1 tratamientos de salud mental en el Hospital de Curic\u00f3\t\t\t<\/a>\n\t\t<\/h3>\n\t\t\t\t<div class=\"elementor-post__excerpt\">\n\t\t\t<p>La Universidad de Talca don\u00f3 un sistema que permitir\u00e1 mejorar la atenci\u00f3n de pacientes y contribuir a la formaci\u00f3n de nuevos especialistas. \u00a0 Las \u201csalas<\/p>\n\t\t<\/div>\n\t\t\n\t\t<a class=\"elementor-post__read-more\" href=\"https:\/\/medicina.utalca.cl\/?p=26518\" aria-label=\"Read more about Equipamiento fortalecer\u00e1 tratamientos de salud mental en el Hospital de Curic\u00f3\" tabindex=\"-1\" >\n\t\t\tLeer M\u00e1s \u00bb\t\t<\/a>\n\n\t\t\t\t<\/div>\n\t\t\t\t<\/article>\n\t\t\t\t<article class=\"elementor-post elementor-grid-item post-26448 post type-post status-publish format-standard has-post-thumbnail hentry category-sin-categoria\" role=\"listitem\">\n\t\t\t\t<a class=\"elementor-post__thumbnail__link\" href=\"https:\/\/medicina.utalca.cl\/?p=26448\" tabindex=\"-1\" >\n\t\t\t<div class=\"elementor-post__thumbnail\"><img decoding=\"async\" width=\"1024\" height=\"434\" src=\"https:\/\/medicina.utalca.cl\/wp-content\/uploads\/2024\/07\/Screenshot-from-2024-07-02-08-41-42-1024x434.png\" class=\"attachment-large size-large wp-image-26457\" alt=\"\" srcset=\"https:\/\/medicina.utalca.cl\/wp-content\/uploads\/2024\/07\/Screenshot-from-2024-07-02-08-41-42-1024x434.png 1024w, https:\/\/medicina.utalca.cl\/wp-content\/uploads\/2024\/07\/Screenshot-from-2024-07-02-08-41-42-300x127.png 300w, https:\/\/medicina.utalca.cl\/wp-content\/uploads\/2024\/07\/Screenshot-from-2024-07-02-08-41-42-768x326.png 768w, https:\/\/medicina.utalca.cl\/wp-content\/uploads\/2024\/07\/Screenshot-from-2024-07-02-08-41-42-1536x651.png 1536w, https:\/\/medicina.utalca.cl\/wp-content\/uploads\/2024\/07\/Screenshot-from-2024-07-02-08-41-42-2048x868.png 2048w\" sizes=\"(max-width: 1024px) 100vw, 1024px\" \/><\/div>\n\t\t<\/a>\n\t\t\t\t<div class=\"elementor-post__text\">\n\t\t\t\t<h3 class=\"elementor-post__title\">\n\t\t\t<a href=\"https:\/\/medicina.utalca.cl\/?p=26448\" >\n\t\t\t\tUTalca formar\u00e1 a nueva generaci\u00f3n de m\u00e9dicos especialistas\t\t\t<\/a>\n\t\t<\/h3>\n\t\t\t\t<div class=\"elementor-post__excerpt\">\n\t\t\t<p>La Casa de Estudios a trav\u00e9s de sus cuatro programas, busca aportar a la formaci\u00f3n de los\/as profesionales dentro de la regi\u00f3n y a nivel<\/p>\n\t\t<\/div>\n\t\t\n\t\t<a class=\"elementor-post__read-more\" href=\"https:\/\/medicina.utalca.cl\/?p=26448\" aria-label=\"Read more about UTalca formar\u00e1 a nueva generaci\u00f3n de m\u00e9dicos especialistas\" tabindex=\"-1\" >\n\t\t\tLeer M\u00e1s \u00bb\t\t<\/a>\n\n\t\t\t\t<\/div>\n\t\t\t\t<\/article>\n\t\t\t\t<article class=\"elementor-post elementor-grid-item post-26418 post type-post status-publish format-standard has-post-thumbnail hentry category-sin-categoria\" role=\"listitem\">\n\t\t\t\t<a class=\"elementor-post__thumbnail__link\" href=\"https:\/\/medicina.utalca.cl\/?p=26418\" tabindex=\"-1\" >\n\t\t\t<div class=\"elementor-post__thumbnail\"><img decoding=\"async\" width=\"712\" height=\"397\" src=\"https:\/\/medicina.utalca.cl\/wp-content\/uploads\/2024\/05\/Screenshot-from-2024-05-29-08-54-32.png\" class=\"attachment-large size-large wp-image-26423\" alt=\"\" srcset=\"https:\/\/medicina.utalca.cl\/wp-content\/uploads\/2024\/05\/Screenshot-from-2024-05-29-08-54-32.png 712w, https:\/\/medicina.utalca.cl\/wp-content\/uploads\/2024\/05\/Screenshot-from-2024-05-29-08-54-32-300x167.png 300w\" sizes=\"(max-width: 712px) 100vw, 712px\" \/><\/div>\n\t\t<\/a>\n\t\t\t\t<div class=\"elementor-post__text\">\n\t\t\t\t<h3 class=\"elementor-post__title\">\n\t\t\t<a href=\"https:\/\/medicina.utalca.cl\/?p=26418\" >\n\t\t\t\tLa @utalca y el @hospitaldecurico realizaron jornada de Psiquiatr\u00eda\ud83e\udde0\t\t\t<\/a>\n\t\t<\/h3>\n\t\t\t\t<div class=\"elementor-post__excerpt\">\n\t\t\t<p>La actividad estuvo dirigida a m\u00e9dicos psiquiatras, becados de psiquiatr\u00eda, becados de salud familiar, m\u00e9dicos generales que se desempe\u00f1en en esta \u00e1rea, adem\u00e1s de internos<\/p>\n\t\t<\/div>\n\t\t\n\t\t<a class=\"elementor-post__read-more\" href=\"https:\/\/medicina.utalca.cl\/?p=26418\" aria-label=\"Read more about La @utalca y el @hospitaldecurico realizaron jornada de Psiquiatr\u00eda\ud83e\udde0\" tabindex=\"-1\" >\n\t\t\tLeer M\u00e1s \u00bb\t\t<\/a>\n\n\t\t\t\t<\/div>\n\t\t\t\t<\/article>\n\t\t\t\t<article class=\"elementor-post elementor-grid-item post-26396 post type-post status-publish format-standard has-post-thumbnail hentry category-sin-categoria\" role=\"listitem\">\n\t\t\t\t<a class=\"elementor-post__thumbnail__link\" href=\"https:\/\/medicina.utalca.cl\/?p=26396\" tabindex=\"-1\" >\n\t\t\t<div class=\"elementor-post__thumbnail\"><img loading=\"lazy\" decoding=\"async\" width=\"800\" height=\"450\" src=\"https:\/\/medicina.utalca.cl\/wp-content\/uploads\/2024\/05\/pantallazo-1-800x450-1.jpg\" class=\"attachment-large size-large wp-image-26401\" alt=\"\" srcset=\"https:\/\/medicina.utalca.cl\/wp-content\/uploads\/2024\/05\/pantallazo-1-800x450-1.jpg 800w, https:\/\/medicina.utalca.cl\/wp-content\/uploads\/2024\/05\/pantallazo-1-800x450-1-300x169.jpg 300w, https:\/\/medicina.utalca.cl\/wp-content\/uploads\/2024\/05\/pantallazo-1-800x450-1-768x432.jpg 768w\" sizes=\"(max-width: 800px) 100vw, 800px\" \/><\/div>\n\t\t<\/a>\n\t\t\t\t<div class=\"elementor-post__text\">\n\t\t\t\t<h3 class=\"elementor-post__title\">\n\t\t\t<a href=\"https:\/\/medicina.utalca.cl\/?p=26396\" >\n\t\t\t\tUTalca contribuye a la formaci\u00f3n de m\u00e9dicos especialistas\t\t\t<\/a>\n\t\t<\/h3>\n\t\t\t\t<div class=\"elementor-post__excerpt\">\n\t\t\t<p>La Casa de Estudios recibi\u00f3 a 12 nuevos estudiantes que se integran a las especialidades que ofrece la Escuela de Medicina de la Instituci\u00f3n. https:\/\/www.youtube.com\/watch?v=AQ8H5Rd5vb0<\/p>\n\t\t<\/div>\n\t\t\n\t\t<a class=\"elementor-post__read-more\" href=\"https:\/\/medicina.utalca.cl\/?p=26396\" aria-label=\"Read more about UTalca contribuye a la formaci\u00f3n de m\u00e9dicos especialistas\" tabindex=\"-1\" >\n\t\t\tLeer M\u00e1s \u00bb\t\t<\/a>\n\n\t\t\t\t<\/div>\n\t\t\t\t<\/article>\n\t\t\t\t<article class=\"elementor-post elementor-grid-item post-26377 post type-post status-publish format-standard has-post-thumbnail hentry category-sin-categoria\" role=\"listitem\">\n\t\t\t\t<a class=\"elementor-post__thumbnail__link\" href=\"https:\/\/medicina.utalca.cl\/?p=26377\" tabindex=\"-1\" >\n\t\t\t<div class=\"elementor-post__thumbnail\"><img loading=\"lazy\" decoding=\"async\" width=\"1024\" height=\"506\" src=\"https:\/\/medicina.utalca.cl\/wp-content\/uploads\/2024\/04\/IMG_0623-1024x506.jpg\" class=\"attachment-large size-large wp-image-26384\" alt=\"\" srcset=\"https:\/\/medicina.utalca.cl\/wp-content\/uploads\/2024\/04\/IMG_0623-1024x506.jpg 1024w, https:\/\/medicina.utalca.cl\/wp-content\/uploads\/2024\/04\/IMG_0623-300x148.jpg 300w, https:\/\/medicina.utalca.cl\/wp-content\/uploads\/2024\/04\/IMG_0623-768x379.jpg 768w, https:\/\/medicina.utalca.cl\/wp-content\/uploads\/2024\/04\/IMG_0623-1536x759.jpg 1536w, https:\/\/medicina.utalca.cl\/wp-content\/uploads\/2024\/04\/IMG_0623-2048x1012.jpg 2048w\" sizes=\"(max-width: 1024px) 100vw, 1024px\" \/><\/div>\n\t\t<\/a>\n\t\t\t\t<div class=\"elementor-post__text\">\n\t\t\t\t<h3 class=\"elementor-post__title\">\n\t\t\t<a href=\"https:\/\/medicina.utalca.cl\/?p=26377\" >\n\t\t\t\tCentro de simulaci\u00f3n Cl\u00ednica: traslado al nuevo edificio\t\t\t<\/a>\n\t\t<\/h3>\n\t\t\t\t<div class=\"elementor-post__excerpt\">\n\t\t\t<p>El Laboratorio de Simulaci\u00f3n Cl\u00ednica se traslad\u00f3 a sus nuevas dependencias y se encuentra funcionando en \u00f3ptimas condiciones. El espacio est\u00e1 equipado con tecnolog\u00eda de<\/p>\n\t\t<\/div>\n\t\t\n\t\t<a class=\"elementor-post__read-more\" href=\"https:\/\/medicina.utalca.cl\/?p=26377\" aria-label=\"Read more about Centro de simulaci\u00f3n Cl\u00ednica: traslado al nuevo edificio\" tabindex=\"-1\" >\n\t\t\tLeer M\u00e1s \u00bb\t\t<\/a>\n\n\t\t\t\t<\/div>\n\t\t\t\t<\/article>\n\t\t\t\t<article class=\"elementor-post elementor-grid-item post-26364 post type-post status-publish format-standard has-post-thumbnail hentry category-sin-categoria\" role=\"listitem\">\n\t\t\t\t<a class=\"elementor-post__thumbnail__link\" href=\"https:\/\/medicina.utalca.cl\/?p=26364\" tabindex=\"-1\" >\n\t\t\t<div class=\"elementor-post__thumbnail\"><img loading=\"lazy\" decoding=\"async\" width=\"920\" height=\"400\" src=\"https:\/\/medicina.utalca.cl\/wp-content\/uploads\/2024\/04\/166345.jpg\" class=\"attachment-large size-large wp-image-26366\" alt=\"\" srcset=\"https:\/\/medicina.utalca.cl\/wp-content\/uploads\/2024\/04\/166345.jpg 920w, https:\/\/medicina.utalca.cl\/wp-content\/uploads\/2024\/04\/166345-300x130.jpg 300w, https:\/\/medicina.utalca.cl\/wp-content\/uploads\/2024\/04\/166345-768x334.jpg 768w\" sizes=\"(max-width: 920px) 100vw, 920px\" \/><\/div>\n\t\t<\/a>\n\t\t\t\t<div class=\"elementor-post__text\">\n\t\t\t\t<h3 class=\"elementor-post__title\">\n\t\t\t<a href=\"https:\/\/medicina.utalca.cl\/?p=26364\" >\n\t\t\t\tJornada de Psiquiatr\u00eda\t\t\t<\/a>\n\t\t<\/h3>\n\t\t\t\t<div class=\"elementor-post__excerpt\">\n\t\t\t<p>05\/17\/2024 09:00 Hospital Nuevo de Curic\u00f3 &#8211; R\u00edo Elqui, Curic\u00f3, Chile Organized by Programa de Especializaci\u00f3n en Psiquiatr\u00eda Adultos \u00a0 Jornada de Psiquiatr\u00eda que tiene<\/p>\n\t\t<\/div>\n\t\t\n\t\t<a class=\"elementor-post__read-more\" href=\"https:\/\/medicina.utalca.cl\/?p=26364\" aria-label=\"Read more about Jornada de Psiquiatr\u00eda\" tabindex=\"-1\" >\n\t\t\tLeer M\u00e1s \u00bb\t\t<\/a>\n\n\t\t\t\t<\/div>\n\t\t\t\t<\/article>\n\t\t\t\t<article class=\"elementor-post elementor-grid-item post-24819 post type-post status-publish format-standard has-post-thumbnail hentry category-noticias\" role=\"listitem\">\n\t\t\t\t<a class=\"elementor-post__thumbnail__link\" href=\"https:\/\/medicina.utalca.cl\/?p=24819\" tabindex=\"-1\" >\n\t\t\t<div class=\"elementor-post__thumbnail\"><img loading=\"lazy\" decoding=\"async\" width=\"1024\" height=\"819\" src=\"https:\/\/medicina.utalca.cl\/wp-content\/uploads\/2022\/08\/proyrcto-cesfam-carlos-trupp-1024x819.jpg\" class=\"attachment-large size-large wp-image-26301\" alt=\"\" srcset=\"https:\/\/medicina.utalca.cl\/wp-content\/uploads\/2022\/08\/proyrcto-cesfam-carlos-trupp-1024x819.jpg 1024w, https:\/\/medicina.utalca.cl\/wp-content\/uploads\/2022\/08\/proyrcto-cesfam-carlos-trupp-300x240.jpg 300w, https:\/\/medicina.utalca.cl\/wp-content\/uploads\/2022\/08\/proyrcto-cesfam-carlos-trupp-768x614.jpg 768w, https:\/\/medicina.utalca.cl\/wp-content\/uploads\/2022\/08\/proyrcto-cesfam-carlos-trupp.jpg 1280w\" sizes=\"(max-width: 1024px) 100vw, 1024px\" \/><\/div>\n\t\t<\/a>\n\t\t\t\t<div class=\"elementor-post__text\">\n\t\t\t\t<h3 class=\"elementor-post__title\">\n\t\t\t<a href=\"https:\/\/medicina.utalca.cl\/?p=24819\" >\n\t\t\t\tAvanza proyecto que permite el traslado del Cesfam Carlos Trupp\t\t\t<\/a>\n\t\t<\/h3>\n\t\t\t\t<div class=\"elementor-post__excerpt\">\n\t\t\t<p>Un nuevo hito se suma al convenio establecido entre la Universidad de Talca y el municipio de la comuna para promover la salud de la<\/p>\n\t\t<\/div>\n\t\t\n\t\t<a class=\"elementor-post__read-more\" href=\"https:\/\/medicina.utalca.cl\/?p=24819\" aria-label=\"Read more about Avanza proyecto que permite el traslado del Cesfam Carlos Trupp\" tabindex=\"-1\" >\n\t\t\tLeer M\u00e1s \u00bb\t\t<\/a>\n\n\t\t\t\t<\/div>\n\t\t\t\t<\/article>\n\t\t\t\t<article class=\"elementor-post elementor-grid-item post-26160 post type-post status-publish format-standard has-post-thumbnail hentry category-sin-categoria\" role=\"listitem\">\n\t\t\t\t<a class=\"elementor-post__thumbnail__link\" href=\"https:\/\/medicina.utalca.cl\/?p=26160\" tabindex=\"-1\" >\n\t\t\t<div class=\"elementor-post__thumbnail\"><img loading=\"lazy\" decoding=\"async\" width=\"1024\" height=\"819\" src=\"https:\/\/medicina.utalca.cl\/wp-content\/uploads\/2023\/09\/Universidad-de-Talca-2023-09-28T164642.447-1024x819.png\" class=\"attachment-large size-large wp-image-26161\" alt=\"\" srcset=\"https:\/\/medicina.utalca.cl\/wp-content\/uploads\/2023\/09\/Universidad-de-Talca-2023-09-28T164642.447-1024x819.png 1024w, https:\/\/medicina.utalca.cl\/wp-content\/uploads\/2023\/09\/Universidad-de-Talca-2023-09-28T164642.447-300x240.png 300w, https:\/\/medicina.utalca.cl\/wp-content\/uploads\/2023\/09\/Universidad-de-Talca-2023-09-28T164642.447-768x614.png 768w, https:\/\/medicina.utalca.cl\/wp-content\/uploads\/2023\/09\/Universidad-de-Talca-2023-09-28T164642.447.png 1280w\" sizes=\"(max-width: 1024px) 100vw, 1024px\" \/><\/div>\n\t\t<\/a>\n\t\t\t\t<div class=\"elementor-post__text\">\n\t\t\t\t<h3 class=\"elementor-post__title\">\n\t\t\t<a href=\"https:\/\/medicina.utalca.cl\/?p=26160\" >\n\t\t\t\tEntregan recomendaciones ante prevalencia de alergias estacionales\t\t\t<\/a>\n\t\t<\/h3>\n\t\t\t\t<div class=\"elementor-post__excerpt\">\n\t\t\t<p>Preparar el organismo para enfrentar este periodo del a\u00f1o es una de las estrategias propuestas por el experto. Ojos irritados, estornudos y goteo nasal son<\/p>\n\t\t<\/div>\n\t\t\n\t\t<a class=\"elementor-post__read-more\" href=\"https:\/\/medicina.utalca.cl\/?p=26160\" aria-label=\"Read more about Entregan recomendaciones ante prevalencia de alergias estacionales\" tabindex=\"-1\" >\n\t\t\tLeer M\u00e1s \u00bb\t\t<\/a>\n\n\t\t\t\t<\/div>\n\t\t\t\t<\/article>\n\t\t\t\t<article class=\"elementor-post elementor-grid-item post-26154 post type-post status-publish format-standard has-post-thumbnail hentry category-sin-categoria\" role=\"listitem\">\n\t\t\t\t<a class=\"elementor-post__thumbnail__link\" href=\"https:\/\/medicina.utalca.cl\/?p=26154\" tabindex=\"-1\" >\n\t\t\t<div class=\"elementor-post__thumbnail\"><img loading=\"lazy\" decoding=\"async\" width=\"1024\" height=\"819\" src=\"https:\/\/medicina.utalca.cl\/wp-content\/uploads\/2023\/09\/Universidad-de-Talca-2023-09-27T111912.805-1024x819.png\" class=\"attachment-large size-large wp-image-26155\" alt=\"\" srcset=\"https:\/\/medicina.utalca.cl\/wp-content\/uploads\/2023\/09\/Universidad-de-Talca-2023-09-27T111912.805-1024x819.png 1024w, https:\/\/medicina.utalca.cl\/wp-content\/uploads\/2023\/09\/Universidad-de-Talca-2023-09-27T111912.805-300x240.png 300w, https:\/\/medicina.utalca.cl\/wp-content\/uploads\/2023\/09\/Universidad-de-Talca-2023-09-27T111912.805-768x614.png 768w, https:\/\/medicina.utalca.cl\/wp-content\/uploads\/2023\/09\/Universidad-de-Talca-2023-09-27T111912.805.png 1280w\" sizes=\"(max-width: 1024px) 100vw, 1024px\" \/><\/div>\n\t\t<\/a>\n\t\t\t\t<div class=\"elementor-post__text\">\n\t\t\t\t<h3 class=\"elementor-post__title\">\n\t\t\t<a href=\"https:\/\/medicina.utalca.cl\/?p=26154\" >\n\t\t\t\tUTalca y Servicio de Salud del Maule afianzan trabajo colaborativo\u00a0\u00a0\u00a0\t\t\t<\/a>\n\t\t<\/h3>\n\t\t\t\t<div class=\"elementor-post__excerpt\">\n\t\t\t<p>A trav\u00e9s de la formaci\u00f3n de profesionales y la labor de las cl\u00ednicas docentes asistenciales, nuestra Instituci\u00f3n se presenta como un importante aporte en el<\/p>\n\t\t<\/div>\n\t\t\n\t\t<a class=\"elementor-post__read-more\" href=\"https:\/\/medicina.utalca.cl\/?p=26154\" aria-label=\"Read more about UTalca y Servicio de Salud del Maule afianzan trabajo colaborativo\u00a0\u00a0\u00a0\" tabindex=\"-1\" >\n\t\t\tLeer M\u00e1s \u00bb\t\t<\/a>\n\n\t\t\t\t<\/div>\n\t\t\t\t<\/article>\n\t\t\t\t<article class=\"elementor-post elementor-grid-item post-25436 post type-post status-publish format-standard has-post-thumbnail hentry category-sin-categoria\" role=\"listitem\">\n\t\t\t\t<a class=\"elementor-post__thumbnail__link\" href=\"https:\/\/medicina.utalca.cl\/?p=25436\" tabindex=\"-1\" >\n\t\t\t<div class=\"elementor-post__thumbnail\"><img loading=\"lazy\" decoding=\"async\" width=\"1024\" height=\"760\" src=\"https:\/\/medicina.utalca.cl\/wp-content\/uploads\/2022\/09\/Screenshot-from-2022-09-02-10-51-31-1024x760.png\" class=\"attachment-large size-large wp-image-25444\" alt=\"\" srcset=\"https:\/\/medicina.utalca.cl\/wp-content\/uploads\/2022\/09\/Screenshot-from-2022-09-02-10-51-31-1024x760.png 1024w, https:\/\/medicina.utalca.cl\/wp-content\/uploads\/2022\/09\/Screenshot-from-2022-09-02-10-51-31-300x223.png 300w, https:\/\/medicina.utalca.cl\/wp-content\/uploads\/2022\/09\/Screenshot-from-2022-09-02-10-51-31-768x570.png 768w, https:\/\/medicina.utalca.cl\/wp-content\/uploads\/2022\/09\/Screenshot-from-2022-09-02-10-51-31.png 1389w\" sizes=\"(max-width: 1024px) 100vw, 1024px\" \/><\/div>\n\t\t<\/a>\n\t\t\t\t<div class=\"elementor-post__text\">\n\t\t\t\t<h3 class=\"elementor-post__title\">\n\t\t\t<a href=\"https:\/\/medicina.utalca.cl\/?p=25436\" >\n\t\t\t\tInf\u00f3rmate del Proceso de Autoevaluaci\u00f3n 2022\t\t\t<\/a>\n\t\t<\/h3>\n\t\t\t\t<div class=\"elementor-post__excerpt\">\n\t\t\t<p>Inf\u00f3rmate del Proceso de Autoevaluaci\u00f3n de la Escuela en miras de la Acreditaci\u00f3n 2023. Junt@s por la excelencia! &nbsp; Por aproximadamente un a\u00f1o, la carrera<\/p>\n\t\t<\/div>\n\t\t\n\t\t<a class=\"elementor-post__read-more\" href=\"https:\/\/medicina.utalca.cl\/?p=25436\" aria-label=\"Read more about Inf\u00f3rmate del Proceso de Autoevaluaci\u00f3n 2022\" tabindex=\"-1\" >\n\t\t\tLeer M\u00e1s \u00bb\t\t<\/a>\n\n\t\t\t\t<\/div>\n\t\t\t\t<\/article>\n\t\t\t\t<article class=\"elementor-post elementor-grid-item post-24827 post type-post status-publish format-standard has-post-thumbnail hentry category-noticias\" role=\"listitem\">\n\t\t\t\t<a class=\"elementor-post__thumbnail__link\" href=\"https:\/\/medicina.utalca.cl\/?p=24827\" tabindex=\"-1\" >\n\t\t\t<div class=\"elementor-post__thumbnail\"><img loading=\"lazy\" decoding=\"async\" width=\"1024\" height=\"1024\" src=\"https:\/\/medicina.utalca.cl\/wp-content\/uploads\/2022\/08\/nota2-1024x1024.jpg\" class=\"attachment-large size-large wp-image-24822\" alt=\"\" srcset=\"https:\/\/medicina.utalca.cl\/wp-content\/uploads\/2022\/08\/nota2-1024x1024.jpg 1024w, https:\/\/medicina.utalca.cl\/wp-content\/uploads\/2022\/08\/nota2-300x300.jpg 300w, https:\/\/medicina.utalca.cl\/wp-content\/uploads\/2022\/08\/nota2-150x150.jpg 150w, https:\/\/medicina.utalca.cl\/wp-content\/uploads\/2022\/08\/nota2-768x768.jpg 768w, https:\/\/medicina.utalca.cl\/wp-content\/uploads\/2022\/08\/nota2.jpg 1080w\" sizes=\"(max-width: 1024px) 100vw, 1024px\" \/><\/div>\n\t\t<\/a>\n\t\t\t\t<div class=\"elementor-post__text\">\n\t\t\t\t<h3 class=\"elementor-post__title\">\n\t\t\t<a href=\"https:\/\/medicina.utalca.cl\/?p=24827\" >\n\t\t\t\tProceso de autoevaluaci\u00f3n de la carrera\t\t\t<\/a>\n\t\t<\/h3>\n\t\t\t\t<div class=\"elementor-post__excerpt\">\n\t\t\t<p>En marzo del 2022 se ha dado comenzado un nuevo proceso de autoevaluaci\u00f3n de la carrera de Medicina, con el objetivo de identificar fortalezas y<\/p>\n\t\t<\/div>\n\t\t\n\t\t<a class=\"elementor-post__read-more\" href=\"https:\/\/medicina.utalca.cl\/?p=24827\" aria-label=\"Read more about Proceso de autoevaluaci\u00f3n de la carrera\" tabindex=\"-1\" >\n\t\t\tLeer M\u00e1s \u00bb\t\t<\/a>\n\n\t\t\t\t<\/div>\n\t\t\t\t<\/article>\n\t\t\t\t<article class=\"elementor-post elementor-grid-item post-24833 post type-post status-publish format-standard has-post-thumbnail hentry category-noticias\" role=\"listitem\">\n\t\t\t\t<a class=\"elementor-post__thumbnail__link\" href=\"https:\/\/medicina.utalca.cl\/?p=24833\" tabindex=\"-1\" >\n\t\t\t<div class=\"elementor-post__thumbnail\"><img loading=\"lazy\" decoding=\"async\" width=\"675\" height=\"781\" src=\"https:\/\/medicina.utalca.cl\/wp-content\/uploads\/2022\/08\/nota3.jpg\" class=\"attachment-large size-large wp-image-24823\" alt=\"\" srcset=\"https:\/\/medicina.utalca.cl\/wp-content\/uploads\/2022\/08\/nota3.jpg 675w, https:\/\/medicina.utalca.cl\/wp-content\/uploads\/2022\/08\/nota3-259x300.jpg 259w\" sizes=\"(max-width: 675px) 100vw, 675px\" \/><\/div>\n\t\t<\/a>\n\t\t\t\t<div class=\"elementor-post__text\">\n\t\t\t\t<h3 class=\"elementor-post__title\">\n\t\t\t<a href=\"https:\/\/medicina.utalca.cl\/?p=24833\" >\n\t\t\t\tCiclo de seminarios \u201cProblemas emergentes en salud mental desde el enfoque comunitario\u201d\t\t\t<\/a>\n\t\t<\/h3>\n\t\t\t\t<div class=\"elementor-post__excerpt\">\n\t\t\t<p>La Psiquiatr\u00eda Social y Comunitaria pone \u00e9nfasis en los determinantes sociales de la salud y aporta una perspectiva de derechos humanos en la organizaci\u00f3n y<\/p>\n\t\t<\/div>\n\t\t\n\t\t<a class=\"elementor-post__read-more\" href=\"https:\/\/medicina.utalca.cl\/?p=24833\" aria-label=\"Read more about Ciclo de seminarios \u201cProblemas emergentes en salud mental desde el enfoque comunitario\u201d\" tabindex=\"-1\" >\n\t\t\tLeer M\u00e1s \u00bb\t\t<\/a>\n\n\t\t\t\t<\/div>\n\t\t\t\t<\/article>\n\t\t\t\t<\/div>\n\t\t\n\t\t\t\t\t\t<\/div>\n\t\t\t\t<\/div>\n\t\t\t\t\t<\/div>\n\t\t<\/div>\n\t\t\t\t\t<\/div>\n\t\t<\/section>\n\t\t\t\t<\/div>\n\t\t","protected":false},"excerpt":{"rendered":"<p>Noticias<\/p>\n","protected":false},"author":1,"featured_media":0,"parent":0,"menu_order":0,"comment_status":"closed","ping_status":"closed","template":"","meta":{"site-sidebar-layout":"default","site-content-layout":"","ast-site-content-layout":"default","site-content-style":"default","site-sidebar-style":"default","ast-global-header-display":"","ast-banner-title-visibility":"","ast-main-header-display":"","ast-hfb-above-header-display":"","ast-hfb-below-header-display":"","ast-hfb-mobile-header-display":"","site-post-title":"disabled","ast-breadcrumbs-content":"","ast-featured-img":"","footer-sml-layout":"","theme-transparent-header-meta":"","adv-header-id-meta":"","stick-header-meta":"","header-above-stick-meta":"","header-main-stick-meta":"","header-below-stick-meta":"","astra-migrate-meta-layouts":"default","ast-page-background-enabled":"default","ast-page-background-meta":{"desktop":{"background-color":"","background-image":"","background-repeat":"repeat","background-position":"center center","background-size":"auto","background-attachment":"scroll","background-type":"","background-media":"","overlay-type":"","overlay-color":"","overlay-opacity":"","overlay-gradient":""},"tablet":{"background-color":"","background-image":"","background-repeat":"repeat","background-position":"center center","background-size":"auto","background-attachment":"scroll","background-type":"","background-media":"","overlay-type":"","overlay-color":"","overlay-opacity":"","overlay-gradient":""},"mobile":{"background-color":"","background-image":"","background-repeat":"repeat","background-position":"center center","background-size":"auto","background-attachment":"scroll","background-type":"","background-media":"","overlay-type":"","overlay-color":"","overlay-opacity":"","overlay-gradient":""}},"ast-content-background-meta":{"desktop":{"background-color":"var(--ast-global-color-5)","background-image":"","background-repeat":"repeat","background-position":"center center","background-size":"auto","background-attachment":"scroll","background-type":"","background-media":"","overlay-type":"","overlay-color":"","overlay-opacity":"","overlay-gradient":""},"tablet":{"background-color":"var(--ast-global-color-5)","background-image":"","background-repeat":"repeat","background-position":"center center","background-size":"auto","background-attachment":"scroll","background-type":"","background-media":"","overlay-type":"","overlay-color":"","overlay-opacity":"","overlay-gradient":""},"mobile":{"background-color":"var(--ast-global-color-5)","background-image":"","background-repeat":"repeat","background-position":"center center","background-size":"auto","background-attachment":"scroll","background-type":"","background-media":"","overlay-type":"","overlay-color":"","overlay-opacity":"","overlay-gradient":""}},"footnotes":""},"class_list":["post-25323","page","type-page","status-publish","hentry"],"_links":{"self":[{"href":"https:\/\/medicina.utalca.cl\/index.php?rest_route=\/wp\/v2\/pages\/25323","targetHints":{"allow":["GET"]}}],"collection":[{"href":"https:\/\/medicina.utalca.cl\/index.php?rest_route=\/wp\/v2\/pages"}],"about":[{"href":"https:\/\/medicina.utalca.cl\/index.php?rest_route=\/wp\/v2\/types\/page"}],"author":[{"embeddable":true,"href":"https:\/\/medicina.utalca.cl\/index.php?rest_route=\/wp\/v2\/users\/1"}],"replies":[{"embeddable":true,"href":"https:\/\/medicina.utalca.cl\/index.php?rest_route=%2Fwp%2Fv2%2Fcomments&post=25323"}],"version-history":[{"count":13,"href":"https:\/\/medicina.utalca.cl\/index.php?rest_route=\/wp\/v2\/pages\/25323\/revisions"}],"predecessor-version":[{"id":25336,"href":"https:\/\/medicina.utalca.cl\/index.php?rest_route=\/wp\/v2\/pages\/25323\/revisions\/25336"}],"wp:attachment":[{"href":"https:\/\/medicina.utalca.cl\/index.php?rest_route=%2Fwp%2Fv2%2Fmedia&parent=25323"}],"curies":[{"name":"wp","href":"https:\/\/api.w.org\/{rel}","templated":true}]}}